{"id":2,"date":"2025-08-06T07:10:37","date_gmt":"2025-08-06T07:10:37","guid":{"rendered":"https:\/\/carole.jaimonsite.be\/?page_id=2"},"modified":"2026-02-15T17:09:57","modified_gmt":"2026-02-15T17:09:57","slug":"ateliers","status":"publish","type":"page","link":"https:\/\/www.carole-equeter.com\/en\/ateliers\/","title":{"rendered":"Workshop"},"content":{"rendered":"<p>[et_pb_section fb_built=\u00a0\u00bb1&Prime; _builder_version=\u00a0\u00bb4.27.4&Prime; _module_preset=\u00a0\u00bbdefault\u00a0\u00bb custom_padding=\u00a0\u00bb||35px|||\u00a0\u00bb global_colors_info=\u00a0\u00bb{}\u00a0\u00bb][et_pb_row _builder_version=\u00a0\u00bb4.27.4&Prime; _module_preset=\u00a0\u00bbdefault\u00a0\u00bb global_colors_info=\u00a0\u00bb{}\u00a0\u00bb][et_pb_column type=\u00a0\u00bb4_4&Prime; _builder_version=\u00a0\u00bb4.27.4&Prime; _module_preset=\u00a0\u00bbdefault\u00a0\u00bb global_colors_info=\u00a0\u00bb{}\u00a0\u00bb][et_pb_heading title=\u00a0\u00bb@ET-DC@eyJkeW5hbWljIjp0cnVlLCJjb250ZW50IjoicG9zdF90aXRsZSIsInNldHRpbmdzIjp7ImJlZm9yZSI6IiIsImFmdGVyIjoiIn19@\u00a0\u00bb _builder_version=\u00a0\u00bb4.27.4&Prime; _dynamic_attributes=\u00a0\u00bbtitle\u00a0\u00bb _module_preset=\u00a0\u00bbdefault\u00a0\u00bb title_font=\u00a0\u00bbCorinthia||||||||\u00a0\u00bb title_font_size=\u00a0\u00bb60px\u00a0\u00bb title_font_size_tablet=\u00a0\u00bb60px\u00a0\u00bb title_font_size_phone=\u00a0\u00bb60px\u00a0\u00bb title_font_size_last_edited=\u00a0\u00bbon|tablet\u00a0\u00bb locked=\u00a0\u00bboff\u00a0\u00bb global_colors_info=\u00a0\u00bb{}\u00a0\u00bb][\/et_pb_heading][\/et_pb_column][\/et_pb_row][\/et_pb_section][et_pb_section fb_built=\u00a0\u00bb1&Prime; admin_label=\u00a0\u00bbsection\u00a0\u00bb _builder_version=\u00a0\u00bb4.16&Prime; custom_padding=\u00a0\u00bb0px|||||\u00a0\u00bb global_colors_info=\u00a0\u00bb{}\u00a0\u00bb][et_pb_row admin_label=\u00a0\u00bbrow\u00a0\u00bb _builder_version=\u00a0\u00bb4.16&Prime; background_size=\u00a0\u00bbinitial\u00a0\u00bb background_position=\u00a0\u00bbtop_left\u00a0\u00bb background_repeat=\u00a0\u00bbrepeat\u00a0\u00bb custom_padding=\u00a0\u00bb4px|||||\u00a0\u00bb global_colors_info=\u00a0\u00bb{}\u00a0\u00bb][et_pb_column type=\u00a0\u00bb4_4&Prime; _builder_version=\u00a0\u00bb4.16&Prime; custom_padding=\u00a0\u00bb|||\u00a0\u00bb global_colors_info=\u00a0\u00bb{}\u00a0\u00bb custom_padding__hover=\u00a0\u00bb|||\u00a0\u00bb][et_pb_text _builder_version=\u00a0\u00bb4.27.4&Prime; _module_preset=\u00a0\u00bbdefault\u00a0\u00bb custom_padding=\u00a0\u00bb||0px|||\u00a0\u00bb global_colors_info=\u00a0\u00bb{}\u00a0\u00bb]<\/p>\n<h2><\/h2>\n<h2>En cuisine avec Carole Equeter&#8230; et sa pinc\u00e9e de science<\/h2>\n<p>\u00c0 travers mes ateliers de cuisine, je vous invite \u00e0 d\u00e9couvrir comme la science met en lumi\u00e8re les saveurs authentiques.<br \/>L&rsquo;ambiance y est bienveillante et conviviale. Que vous soyez d\u00e9butant(e) ou d\u00e9j\u00e0 un chef(fe) aguerri(e), vous \u00eates le\/la bienvenu(e)!<\/p>\n<p>Les ateliers se d\u00e9roulent majoritairement \u00e0 <span><strong>La Marcotte<\/strong>, 12 rue de l\u2019\u00c9glise \u00e0 7950 Huissignies<br \/>Les ateliers \u00ab\u00a0choux\u00a0\u00bb et \u00ab\u00a0macarons\u00a0\u00bb se d\u00e9roulent au <strong>Centre d&rsquo;Excellence des M\u00e9tiers de l&rsquo;H\u00f4tellerie<\/strong>, 86 rue Grande \u00e0 Saint-Ghislain<\/span><\/p>\n<p>Consultez ci-dessous les prochaines dates : <span style=\"text-decoration: underline;\"><strong>r\u00e9servez vite votre place car elle partent comme des petits pains.<\/strong><\/span> \ud83d\ude09<br \/>Quelques jours avant l\u2019atelier, vous recevrez un message avec les informations pratiques : rappel du lieu et de l&rsquo;horaire, acc\u00e8s au parking et \u00e0 la salle ainsi que la liste de mat\u00e9riel \u00e0 pr\u00e9voir (n&rsquo;amenez que ce que vous avez sous la main).<\/p>\n<p><strong>Vous n&rsquo;avez jamais mis la main \u00e0 la p\u00e2te?<\/strong> Les ateliers \u00ab\u00a0Les classiques du boulanger\u00a0\u00bb et \u00ab\u00a0Les petits-d\u00e9jeuners du boulanger\u00a0\u00bb sont l&rsquo;option id\u00e9ale pour acqu\u00e9rir en douceur les bases afin de r\u00e9aliser vos pains.<br \/><strong>Envie de vous perfectionner?<\/strong> Vous ma\u00eetrisez d\u00e9j\u00e0 les base afin de r\u00e9aliser vos pains, les masterclass sont faites pour vous!<br \/><strong>Vous aimez la pr\u00e9cision?<\/strong> Les Masterclass \u00ab\u00a0Choux myst\u00e8res\u00a0\u00bb et \u00ab\u00a0Macarons\u00a0\u00bb vont vous ravir!<\/p>\n<p><strong>Ateliers complets?<\/strong> Contactez-moi via le formulaire de contact afin d&rsquo;\u00eatre mis sur liste d&rsquo;attente en pr\u00e9cisant le nom\/la date des ateliers qui retiennent votre int\u00e9r\u00eat.<\/p>\n<p>[\/et_pb_text][et_pb_button button_url=\u00a0\u00bb@ET-DC@eyJkeW5hbWljIjp0cnVlLCJjb250ZW50IjoicG9zdF9saW5rX3VybF9wYWdlIiwic2V0dGluZ3MiOnsicG9zdF9pZCI6IjQ3NSJ9fQ==@\u00a0\u00bb button_text=\u00a0\u00bbUne question ? Contactez-moi\u00a0\u00bb _builder_version=\u00a0\u00bb4.27.4&Prime; _dynamic_attributes=\u00a0\u00bbbutton_url\u00a0\u00bb _module_preset=\u00a0\u00bbdefault\u00a0\u00bb global_colors_info=\u00a0\u00bb{}\u00a0\u00bb][\/et_pb_button][et_pb_text admin_label=\u00a0\u00bbText\u00a0\u00bb _builder_version=\u00a0\u00bb4.27.4&Prime; text_font=\u00a0\u00bbAssistant||||||||\u00a0\u00bb background_size=\u00a0\u00bbinitial\u00a0\u00bb background_position=\u00a0\u00bbtop_left\u00a0\u00bb background_repeat=\u00a0\u00bbrepeat\u00a0\u00bb global_colors_info=\u00a0\u00bb{}\u00a0\u00bb]<\/p>\n<p><span><hr><div class=\"produit-ligne\"><a href=\"https:\/\/www.carole-equeter.com\/en\/product\/atelier-brioches-festives-dici-et-dailleurs\/\"><img loading=\"lazy\" decoding=\"async\" width=\"300\" height=\"300\" src=\"https:\/\/www.carole-equeter.com\/wp-content\/uploads\/2025\/09\/carole-equeter-atelier-panettone-300x300.jpg\" class=\"attachment-woocommerce_thumbnail size-woocommerce_thumbnail\" alt=\"Atelier &quot;Brioches festives d\u2019ici et d\u2019ailleurs&quot;\" style=\"max-width:100px; height:auto; border-radius:50px;\" \/><\/a><h2><a href=\"https:\/\/www.carole-equeter.com\/en\/product\/atelier-brioches-festives-dici-et-dailleurs\/\">Atelier &quot;Brioches festives d\u2019ici et d\u2019ailleurs&quot;<\/a><\/h2><\/div><p>Oups, pas de sessions programm\u00e9es en ce moment, bient\u00f4t une nouvelle programmation.<\/p><hr><div class=\"produit-ligne\"><a href=\"https:\/\/www.carole-equeter.com\/en\/product\/atelier-les-classiques-du-boulanger\/\"><img loading=\"lazy\" decoding=\"async\" width=\"300\" height=\"300\" src=\"https:\/\/www.carole-equeter.com\/wp-content\/uploads\/2025\/09\/Atelier-Classique-du-Boulanger-Pain-blanc-en-cocotte-300x300.jpg\" class=\"attachment-woocommerce_thumbnail size-woocommerce_thumbnail\" alt=\"Atelier &quot;Classiques du Boulanger&quot;\" style=\"max-width:100px; height:auto; border-radius:50px;\" srcset=\"https:\/\/www.carole-equeter.com\/wp-content\/uploads\/2025\/09\/Atelier-Classique-du-Boulanger-Pain-blanc-en-cocotte-300x300.jpg 300w, https:\/\/www.carole-equeter.com\/wp-content\/uploads\/2025\/09\/Atelier-Classique-du-Boulanger-Pain-blanc-en-cocotte-1024x1024.jpg 1024w, https:\/\/www.carole-equeter.com\/wp-content\/uploads\/2025\/09\/Atelier-Classique-du-Boulanger-Pain-blanc-en-cocotte-150x150.jpg 150w, https:\/\/www.carole-equeter.com\/wp-content\/uploads\/2025\/09\/Atelier-Classique-du-Boulanger-Pain-blanc-en-cocotte-768x768.jpg 768w, https:\/\/www.carole-equeter.com\/wp-content\/uploads\/2025\/09\/Atelier-Classique-du-Boulanger-Pain-blanc-en-cocotte-1536x1536.jpg 1536w, https:\/\/www.carole-equeter.com\/wp-content\/uploads\/2025\/09\/Atelier-Classique-du-Boulanger-Pain-blanc-en-cocotte-2048x2048.jpg 2048w, https:\/\/www.carole-equeter.com\/wp-content\/uploads\/2025\/09\/Atelier-Classique-du-Boulanger-Pain-blanc-en-cocotte-12x12.jpg 12w, https:\/\/www.carole-equeter.com\/wp-content\/uploads\/2025\/09\/Atelier-Classique-du-Boulanger-Pain-blanc-en-cocotte-610x610.jpg 610w, https:\/\/www.carole-equeter.com\/wp-content\/uploads\/2025\/09\/Atelier-Classique-du-Boulanger-Pain-blanc-en-cocotte-1080x1080.jpg 1080w, https:\/\/www.carole-equeter.com\/wp-content\/uploads\/2025\/09\/Atelier-Classique-du-Boulanger-Pain-blanc-en-cocotte-1280x1280.jpg 1280w, https:\/\/www.carole-equeter.com\/wp-content\/uploads\/2025\/09\/Atelier-Classique-du-Boulanger-Pain-blanc-en-cocotte-980x980.jpg 980w, https:\/\/www.carole-equeter.com\/wp-content\/uploads\/2025\/09\/Atelier-Classique-du-Boulanger-Pain-blanc-en-cocotte-480x480.jpg 480w, https:\/\/www.carole-equeter.com\/wp-content\/uploads\/2025\/09\/Atelier-Classique-du-Boulanger-Pain-blanc-en-cocotte-1320x1320.jpg 1320w, https:\/\/www.carole-equeter.com\/wp-content\/uploads\/2025\/09\/Atelier-Classique-du-Boulanger-Pain-blanc-en-cocotte-600x600.jpg 600w, https:\/\/www.carole-equeter.com\/wp-content\/uploads\/2025\/09\/Atelier-Classique-du-Boulanger-Pain-blanc-en-cocotte-100x100.jpg 100w\" sizes=\"(max-width: 300px) 100vw, 300px\" \/><\/a><h2><a href=\"https:\/\/www.carole-equeter.com\/en\/product\/atelier-les-classiques-du-boulanger\/\">Atelier &quot;Classiques du Boulanger&quot;<\/a><\/h2><\/div><ul><li>Session MA 12\/05\/2026 \u2014 De 9h00 \u00e0 13h00 \u2014 <b><span style='color:DarkSlateBlue;'>COMPLET<\/span><\/b><\/li><li>Session MA 26\/05\/2026 \u2014 De 9h00 \u00e0 13h00 \u2014 <b><span style='color:DarkSlateBlue;'>COMPLET<\/span><\/b><\/li><li>Session LU 08\/06\/2026 \u2014 De 9h00 \u00e0 13h00 \u2014 1 place disponible<\/li><li>Session LU 06\/07\/2026 \u2014 De 9h00 \u00e0 13h00 \u2014 12 places disponibles<\/li><\/ul><hr><div class=\"produit-ligne\"><a href=\"https:\/\/www.carole-equeter.com\/en\/product\/atelier-les-classiques-du-boulanger-en-soiree\/\"><img loading=\"lazy\" decoding=\"async\" width=\"300\" height=\"300\" src=\"https:\/\/www.carole-equeter.com\/wp-content\/uploads\/2025\/09\/Atelier-Classique-du-Boulanger-Pain-blanc-en-cocotte-300x300.jpg\" class=\"attachment-woocommerce_thumbnail size-woocommerce_thumbnail\" alt=\"Atelier &quot;Classiques du Boulanger&quot; en soir\u00e9e\" style=\"max-width:100px; height:auto; border-radius:50px;\" srcset=\"https:\/\/www.carole-equeter.com\/wp-content\/uploads\/2025\/09\/Atelier-Classique-du-Boulanger-Pain-blanc-en-cocotte-300x300.jpg 300w, https:\/\/www.carole-equeter.com\/wp-content\/uploads\/2025\/09\/Atelier-Classique-du-Boulanger-Pain-blanc-en-cocotte-1024x1024.jpg 1024w, https:\/\/www.carole-equeter.com\/wp-content\/uploads\/2025\/09\/Atelier-Classique-du-Boulanger-Pain-blanc-en-cocotte-150x150.jpg 150w, https:\/\/www.carole-equeter.com\/wp-content\/uploads\/2025\/09\/Atelier-Classique-du-Boulanger-Pain-blanc-en-cocotte-768x768.jpg 768w, https:\/\/www.carole-equeter.com\/wp-content\/uploads\/2025\/09\/Atelier-Classique-du-Boulanger-Pain-blanc-en-cocotte-1536x1536.jpg 1536w, https:\/\/www.carole-equeter.com\/wp-content\/uploads\/2025\/09\/Atelier-Classique-du-Boulanger-Pain-blanc-en-cocotte-2048x2048.jpg 2048w, https:\/\/www.carole-equeter.com\/wp-content\/uploads\/2025\/09\/Atelier-Classique-du-Boulanger-Pain-blanc-en-cocotte-12x12.jpg 12w, https:\/\/www.carole-equeter.com\/wp-content\/uploads\/2025\/09\/Atelier-Classique-du-Boulanger-Pain-blanc-en-cocotte-610x610.jpg 610w, https:\/\/www.carole-equeter.com\/wp-content\/uploads\/2025\/09\/Atelier-Classique-du-Boulanger-Pain-blanc-en-cocotte-1080x1080.jpg 1080w, https:\/\/www.carole-equeter.com\/wp-content\/uploads\/2025\/09\/Atelier-Classique-du-Boulanger-Pain-blanc-en-cocotte-1280x1280.jpg 1280w, https:\/\/www.carole-equeter.com\/wp-content\/uploads\/2025\/09\/Atelier-Classique-du-Boulanger-Pain-blanc-en-cocotte-980x980.jpg 980w, https:\/\/www.carole-equeter.com\/wp-content\/uploads\/2025\/09\/Atelier-Classique-du-Boulanger-Pain-blanc-en-cocotte-480x480.jpg 480w, https:\/\/www.carole-equeter.com\/wp-content\/uploads\/2025\/09\/Atelier-Classique-du-Boulanger-Pain-blanc-en-cocotte-1320x1320.jpg 1320w, https:\/\/www.carole-equeter.com\/wp-content\/uploads\/2025\/09\/Atelier-Classique-du-Boulanger-Pain-blanc-en-cocotte-600x600.jpg 600w, https:\/\/www.carole-equeter.com\/wp-content\/uploads\/2025\/09\/Atelier-Classique-du-Boulanger-Pain-blanc-en-cocotte-100x100.jpg 100w\" sizes=\"(max-width: 300px) 100vw, 300px\" \/><\/a><h2><a href=\"https:\/\/www.carole-equeter.com\/en\/product\/atelier-les-classiques-du-boulanger-en-soiree\/\">Atelier &quot;Classiques du Boulanger&quot; en soir\u00e9e<\/a><\/h2><\/div><ul><li>Session JE 28\/05\/2026 \u2014 18h00 - 22h00 \u2014 1 place disponible<\/li><li>Session LU 22\/06\/2026 \u2014 18h00 - 22h00 \u2014 7 places disponibles<\/li><\/ul><hr><div class=\"produit-ligne\"><a href=\"https:\/\/www.carole-equeter.com\/en\/product\/atelier-delices-de-fetes\/\"><img loading=\"lazy\" decoding=\"async\" width=\"300\" height=\"300\" src=\"https:\/\/www.carole-equeter.com\/wp-content\/uploads\/2025\/09\/carole-equeter-atelier-sapin-brioche-300x300.jpg\" class=\"attachment-woocommerce_thumbnail size-woocommerce_thumbnail\" alt=\"Atelier &quot;D\u00e9lices de F\u00eates&quot;\" style=\"max-width:100px; height:auto; border-radius:50px;\" \/><\/a><h2><a href=\"https:\/\/www.carole-equeter.com\/en\/product\/atelier-delices-de-fetes\/\">Atelier &quot;D\u00e9lices de F\u00eates&quot;<\/a><\/h2><\/div><p>Oups, pas de sessions programm\u00e9es en ce moment, bient\u00f4t une nouvelle programmation.<\/p><hr><div class=\"produit-ligne\"><a href=\"https:\/\/www.carole-equeter.com\/en\/product\/atelier-douceurs-dici-et-dailleurs\/\"><img loading=\"lazy\" decoding=\"async\" width=\"300\" height=\"300\" src=\"https:\/\/www.carole-equeter.com\/wp-content\/uploads\/2025\/08\/carole-equeter-douceurs-ici-et-ailleurs-tarte-tropezienne-01-300x300.jpg\" class=\"attachment-woocommerce_thumbnail size-woocommerce_thumbnail\" alt=\"Atelier &quot;Douceurs d&#039;ici et d&#039;ailleurs&quot;\" style=\"max-width:100px; height:auto; border-radius:50px;\" \/><\/a><h2><a href=\"https:\/\/www.carole-equeter.com\/en\/product\/atelier-douceurs-dici-et-dailleurs\/\">Atelier &quot;Douceurs d&#039;ici et d&#039;ailleurs&quot;<\/a><\/h2><\/div><ul><li>Session LU 27\/04\/2026 \u2014 9h00 - 13h00 \u2014 <b><span style='color:DarkSlateBlue;'>COMPLET<\/span><\/b><\/li><li>Session MA 28\/04\/2026 \u2014 9h00 - 13h00 \u2014 1 place disponible<\/li><li>Session LU 01\/06\/2026 \u2014 9h00 - 13h00 \u2014 5 places disponibles<\/li><\/ul><hr><div class=\"produit-ligne\"><a href=\"https:\/\/www.carole-equeter.com\/en\/product\/atelier-les-douceurs-du-boulanger\/\"><img loading=\"lazy\" decoding=\"async\" width=\"300\" height=\"300\" src=\"https:\/\/www.carole-equeter.com\/wp-content\/uploads\/2025\/10\/carole-equeter-boule-de-berlin-01-300x300.jpg\" class=\"attachment-woocommerce_thumbnail size-woocommerce_thumbnail\" alt=\"Atelier &quot;Douceurs du Boulanger&quot;\" style=\"max-width:100px; height:auto; border-radius:50px;\" \/><\/a><h2><a href=\"https:\/\/www.carole-equeter.com\/en\/product\/atelier-les-douceurs-du-boulanger\/\">Atelier &quot;Douceurs du Boulanger&quot;<\/a><\/h2><\/div><ul><li>Session LU 18\/05\/2026 \u2014 9h00 - 13h00 \u2014 7 places disponibles<\/li><\/ul><hr><div class=\"produit-ligne\"><a href=\"https:\/\/www.carole-equeter.com\/en\/product\/atelier-pasta-fresca\/\"><img loading=\"lazy\" decoding=\"async\" width=\"300\" height=\"300\" src=\"https:\/\/www.carole-equeter.com\/wp-content\/uploads\/2025\/10\/carole-equeter-atelier-pasta-fresca-ravioli-01-300x300.jpg\" class=\"attachment-woocommerce_thumbnail size-woocommerce_thumbnail\" alt=\"Atelier &quot;Pasta fresca&quot;\" style=\"max-width:100px; height:auto; border-radius:50px;\" \/><\/a><h2><a href=\"https:\/\/www.carole-equeter.com\/en\/product\/atelier-pasta-fresca\/\">Atelier &quot;Pasta fresca&quot;<\/a><\/h2><\/div><ul><li>Session LU 11\/05\/2026 \u2014 9h00 - 13h00 \u2014 <b><span style='color:DarkSlateBlue;'>COMPLET<\/span><\/b><\/li><li>Session MA 09\/06\/2026 \u2014 9h00 - 13h00 \u2014 6 places disponibles<\/li><\/ul><hr><div class=\"produit-ligne\"><a href=\"https:\/\/www.carole-equeter.com\/en\/product\/atelier-pasta-fresca-en-soiree\/\"><img loading=\"lazy\" decoding=\"async\" width=\"300\" height=\"300\" src=\"https:\/\/www.carole-equeter.com\/wp-content\/uploads\/2025\/10\/carole-equeter-atelier-pasta-fresca-ravioli-01-300x300.jpg\" class=\"attachment-woocommerce_thumbnail size-woocommerce_thumbnail\" alt=\"Atelier &quot;Pasta fresca&quot; en soir\u00e9e\" style=\"max-width:100px; height:auto; border-radius:50px;\" \/><\/a><h2><a href=\"https:\/\/www.carole-equeter.com\/en\/product\/atelier-pasta-fresca-en-soiree\/\">Atelier &quot;Pasta fresca&quot; en soir\u00e9e<\/a><\/h2><\/div><ul><li>Session JE 11\/06\/2026 \u2014 18h00 - 22h00 \u2014 <b><span style='color:DarkSlateBlue;'>COMPLET<\/span><\/b><\/li><li>Session ME 22\/07\/2026 \u2014 18h00 - 22h00 \u2014 12 places disponibles<\/li><\/ul><hr><div class=\"produit-ligne\"><a href=\"https:\/\/www.carole-equeter.com\/en\/product\/atelier-petits-biscuits-grands-effets\/\"><img loading=\"lazy\" decoding=\"async\" width=\"300\" height=\"300\" src=\"https:\/\/www.carole-equeter.com\/wp-content\/uploads\/2026\/01\/Carole-Equeter-Langues-de-chat-300x300.jpeg\" class=\"attachment-woocommerce_thumbnail size-woocommerce_thumbnail\" alt=\"Atelier &quot;Petits biscuits, grands effets&quot;\" style=\"max-width:100px; height:auto; border-radius:50px;\" \/><\/a><h2><a href=\"https:\/\/www.carole-equeter.com\/en\/product\/atelier-petits-biscuits-grands-effets\/\">Atelier &quot;Petits biscuits, grands effets&quot;<\/a><\/h2><\/div><ul><li>Session ME 29\/04\/2026 \u2014 9h00 - 13h30 \u2014 <b><span style='color:DarkSlateBlue;'>COMPLET<\/span><\/b><\/li><li>Session MA 02\/06\/2026 \u2014 9h00 - 13h30 \u2014 3 places disponibles<\/li><\/ul><hr><div class=\"produit-ligne\"><a href=\"https:\/\/www.carole-equeter.com\/en\/product\/atelier-les-petits-dejeuners-du-boulanger\/\"><img loading=\"lazy\" decoding=\"async\" width=\"300\" height=\"300\" src=\"https:\/\/www.carole-equeter.com\/wp-content\/uploads\/2025\/09\/carole-equeter-atelier-dejeuners-07-300x300.jpg\" class=\"attachment-woocommerce_thumbnail size-woocommerce_thumbnail\" alt=\"Atelier &quot;Petits-D\u00e9jeuners du Boulanger&quot;\" style=\"max-width:100px; height:auto; border-radius:50px;\" \/><\/a><h2><a href=\"https:\/\/www.carole-equeter.com\/en\/product\/atelier-les-petits-dejeuners-du-boulanger\/\">Atelier &quot;Petits-D\u00e9jeuners du Boulanger&quot;<\/a><\/h2><\/div><ul><li>Session JE 30\/04\/2026 \u2014 9h00 - 13h00 \u2014 <b><span style='color:DarkSlateBlue;'>COMPLET<\/span><\/b><\/li><li>Session MA 19\/05\/2026 \u2014 9h00 - 13h00 \u2014 <b><span style='color:DarkSlateBlue;'>COMPLET<\/span><\/b><\/li><li>Session JE 09\/07\/2026 \u2014 9h00 - 13h00 \u2014 12 places disponibles<\/li><\/ul><hr><div class=\"produit-ligne\"><a href=\"https:\/\/www.carole-equeter.com\/en\/product\/atelier-les-petits-dejeuners-du-boulanger-en-soiree\/\"><img loading=\"lazy\" decoding=\"async\" width=\"300\" height=\"300\" src=\"https:\/\/www.carole-equeter.com\/wp-content\/uploads\/2025\/09\/carole-equeter-atelier-dejeuners-07-300x300.jpg\" class=\"attachment-woocommerce_thumbnail size-woocommerce_thumbnail\" alt=\"Atelier &quot;Petits-D\u00e9jeuners du Boulanger&quot; en soir\u00e9e\" style=\"max-width:100px; height:auto; border-radius:50px;\" \/><\/a><h2><a href=\"https:\/\/www.carole-equeter.com\/en\/product\/atelier-les-petits-dejeuners-du-boulanger-en-soiree\/\">Atelier &quot;Petits-D\u00e9jeuners du Boulanger&quot; en soir\u00e9e<\/a><\/h2><\/div><ul><li>Session MA 23\/06\/2026 \u2014 18h00 - 22h00 \u2014 2 places disponibles<\/li><\/ul><hr><div class=\"produit-ligne\"><a href=\"https:\/\/www.carole-equeter.com\/en\/product\/atelier-saveurs-ditalie\/\"><img loading=\"lazy\" decoding=\"async\" width=\"300\" height=\"300\" src=\"https:\/\/www.carole-equeter.com\/wp-content\/uploads\/2025\/10\/carole-equeter-atelier-italie-01-300x300.jpg\" class=\"attachment-woocommerce_thumbnail size-woocommerce_thumbnail\" alt=\"Atelier &quot;Saveurs d&#039;Italie&quot;\" style=\"max-width:100px; height:auto; border-radius:50px;\" \/><\/a><h2><a href=\"https:\/\/www.carole-equeter.com\/en\/product\/atelier-saveurs-ditalie\/\">Atelier &quot;Saveurs d&#039;Italie&quot;<\/a><\/h2><\/div><ul><li>Session ME 27\/05\/2026 \u2014 9h00 - 13h30 \u2014 12 places disponibles<\/li><li>Session LU 15\/06\/2026 \u2014 9h00 - 13h30 \u2014 4 places disponibles<\/li><\/ul><hr><div class=\"produit-ligne\"><a href=\"https:\/\/www.carole-equeter.com\/en\/product\/atelier-saveurs-ditalie-en-soiree\/\"><img loading=\"lazy\" decoding=\"async\" width=\"300\" height=\"300\" src=\"https:\/\/www.carole-equeter.com\/wp-content\/uploads\/2025\/10\/carole-equeter-atelier-italie-01-300x300.jpg\" class=\"attachment-woocommerce_thumbnail size-woocommerce_thumbnail\" alt=\"Atelier &quot;Saveurs d&#039;Italie&quot; en soir\u00e9e\" style=\"max-width:100px; height:auto; border-radius:50px;\" \/><\/a><h2><a href=\"https:\/\/www.carole-equeter.com\/en\/product\/atelier-saveurs-ditalie-en-soiree\/\">Atelier &quot;Saveurs d&#039;Italie&quot; en soir\u00e9e<\/a><\/h2><\/div><ul><li>Session JE 21\/05\/2026 \u2014 18h00 - 22h00 \u2014 <b><span style='color:DarkSlateBlue;'>COMPLET<\/span><\/b><\/li><li>Session ME 10\/06\/2026 \u2014 18h00 - 22h00 \u2014 <b><span style='color:DarkSlateBlue;'>COMPLET<\/span><\/b><\/li><li>Session MA 30\/06\/2026 \u2014 18h00 - 22h00 \u2014 8 places disponibles<\/li><\/ul><hr><div class=\"produit-ligne\"><a href=\"https:\/\/www.carole-equeter.com\/en\/product\/atelier-de-paques-brioches-et-traditions-gourmandes\/\"><img loading=\"lazy\" decoding=\"async\" width=\"300\" height=\"300\" src=\"https:\/\/www.carole-equeter.com\/wp-content\/uploads\/2026\/01\/carole-equeter-lapin-brioche-300x300.jpeg\" class=\"attachment-woocommerce_thumbnail size-woocommerce_thumbnail\" alt=\"Atelier de P\u00e2ques : Brioches et traditions gourmandes\" style=\"max-width:100px; height:auto; border-radius:50px;\" \/><\/a><h2><a href=\"https:\/\/www.carole-equeter.com\/en\/product\/atelier-de-paques-brioches-et-traditions-gourmandes\/\">Atelier de P\u00e2ques : Brioches et traditions gourmandes<\/a><\/h2><\/div><p>Oups, pas de sessions programm\u00e9es en ce moment, bient\u00f4t une nouvelle programmation.<\/p><hr><div class=\"produit-ligne\"><a href=\"https:\/\/www.carole-equeter.com\/en\/product\/atelier-choux-mysteres-eclairs-gourmands\/\"><img loading=\"lazy\" decoding=\"async\" width=\"300\" height=\"300\" src=\"https:\/\/www.carole-equeter.com\/wp-content\/uploads\/2025\/09\/carole-equeter-atelier-choux-craquelin-300x300.jpg\" class=\"attachment-woocommerce_thumbnail size-woocommerce_thumbnail\" alt=\"Masterclass &quot;Choux Myst\u00e8re&quot;\" style=\"max-width:100px; height:auto; border-radius:50px;\" \/><\/a><h2><a href=\"https:\/\/www.carole-equeter.com\/en\/product\/atelier-choux-mysteres-eclairs-gourmands\/\">Masterclass &quot;Choux Myst\u00e8re&quot;<\/a><\/h2><\/div><ul><li>Session VE 29\/05\/2026 \u2014 9h00 - 13h30 \u2014 3 places disponibles<\/li><li>Session VE 19\/06\/2026 \u2014 9h00 - 13h30 \u2014 6 places disponibles<\/li><\/ul><hr><div class=\"produit-ligne\"><a href=\"https:\/\/www.carole-equeter.com\/en\/product\/atelier-masterclass-couques-suisses-et-escargots-a-la-creme\/\"><img loading=\"lazy\" decoding=\"async\" width=\"300\" height=\"300\" src=\"https:\/\/www.carole-equeter.com\/wp-content\/uploads\/2025\/12\/carole-equeter-couque-suisse-rondeallongee-300x300.jpeg\" class=\"attachment-woocommerce_thumbnail size-woocommerce_thumbnail\" alt=\"Masterclass &quot;Couques suisses et escargots \u00e0 la cr\u00e8me&quot;\" style=\"max-width:100px; height:auto; border-radius:50px;\" \/><\/a><h2><a href=\"https:\/\/www.carole-equeter.com\/en\/product\/atelier-masterclass-couques-suisses-et-escargots-a-la-creme\/\">Masterclass &quot;Couques suisses et escargots \u00e0 la cr\u00e8me&quot;<\/a><\/h2><\/div><ul><li>Session JE 04\/06\/2026 \u2014 9h00 - 14h00 \u2014 <b><span style='color:DarkSlateBlue;'>COMPLET<\/span><\/b><\/li><li>Session LU 27\/07\/2026 \u2014 9h00 - 14h00 \u2014 11 places disponibles<\/li><\/ul><hr><div class=\"produit-ligne\"><a href=\"https:\/\/www.carole-equeter.com\/en\/product\/masterclass-couques-suisses-et-escargots-a-la-creme-en-soiree\/\"><img loading=\"lazy\" decoding=\"async\" width=\"300\" height=\"300\" src=\"https:\/\/www.carole-equeter.com\/wp-content\/uploads\/2025\/12\/carole-equeter-couque-suisse-rondeallongee-300x300.jpeg\" class=\"attachment-woocommerce_thumbnail size-woocommerce_thumbnail\" alt=\"Masterclass &quot;Couques suisses et escargots \u00e0 la cr\u00e8me&quot; en soir\u00e9e\" style=\"max-width:100px; height:auto; border-radius:50px;\" \/><\/a><h2><a href=\"https:\/\/www.carole-equeter.com\/en\/product\/masterclass-couques-suisses-et-escargots-a-la-creme-en-soiree\/\">Masterclass &quot;Couques suisses et escargots \u00e0 la cr\u00e8me&quot; en soir\u00e9e<\/a><\/h2><\/div><ul><li>Session ME 01\/07\/2026 \u2014 18h00 - 22h30 \u2014 7 places disponibles<\/li><\/ul><hr><div class=\"produit-ligne\"><a href=\"https:\/\/www.carole-equeter.com\/en\/product\/atelier-masterclass-croissants-et-pains-au-chocolat\/\"><img loading=\"lazy\" decoding=\"async\" width=\"300\" height=\"300\" src=\"https:\/\/www.carole-equeter.com\/wp-content\/uploads\/2025\/11\/carole-equeter-pain-au-chocolat-300x300.jpg\" class=\"attachment-woocommerce_thumbnail size-woocommerce_thumbnail\" alt=\"Masterclass &quot;Croissants et pains au chocolat&quot;\" style=\"max-width:100px; height:auto; border-radius:50px;\" \/><\/a><h2><a href=\"https:\/\/www.carole-equeter.com\/en\/product\/atelier-masterclass-croissants-et-pains-au-chocolat\/\">Masterclass &quot;Croissants et pains au chocolat&quot;<\/a><\/h2><\/div><p>Oups, pas de sessions programm\u00e9es en ce moment, bient\u00f4t une nouvelle programmation.<\/p><hr><div class=\"produit-ligne\"><a href=\"https:\/\/www.carole-equeter.com\/en\/product\/masterclass-macarons\/\"><img loading=\"lazy\" decoding=\"async\" width=\"300\" height=\"300\" src=\"https:\/\/www.carole-equeter.com\/wp-content\/uploads\/2026\/02\/Macarons-Final-300x300.jpeg\" class=\"attachment-woocommerce_thumbnail size-woocommerce_thumbnail\" alt=\"Masterclass &quot;Macarons&quot;\" style=\"max-width:100px; height:auto; border-radius:50px;\" \/><\/a><h2><a href=\"https:\/\/www.carole-equeter.com\/en\/product\/masterclass-macarons\/\">Masterclass &quot;Macarons&quot;<\/a><\/h2><\/div><ul><li>Session VE 22\/05\/2026 \u2014 9h00 - 13h30 \u2014 <b><span style='color:DarkSlateBlue;'>COMPLET<\/span><\/b><\/li><li>Session VE 26\/06\/2026 \u2014 9h00 - 13h30 \u2014 <b><span style='color:DarkSlateBlue;'>COMPLET<\/span><\/b><\/li><li>Session VE 03\/07\/2026 \u2014 9h00 - 13h30 \u2014 <b><span style='color:DarkSlateBlue;'>COMPLET<\/span><\/b><\/li><\/ul><hr><div class=\"produit-ligne\"><a href=\"https:\/\/www.carole-equeter.com\/en\/product\/masterclass-magie-du-levain\/\"><img loading=\"lazy\" decoding=\"async\" width=\"300\" height=\"300\" src=\"https:\/\/www.carole-equeter.com\/wp-content\/uploads\/2026\/04\/Carole-Equeter-Pain_Levain-300x300.jpeg\" class=\"attachment-woocommerce_thumbnail size-woocommerce_thumbnail\" alt=\"Masterclass &quot;Magie du levain&quot;\" style=\"max-width:100px; height:auto; border-radius:50px;\" \/><\/a><h2><a href=\"https:\/\/www.carole-equeter.com\/en\/product\/masterclass-magie-du-levain\/\">Masterclass &quot;Magie du levain&quot;<\/a><\/h2><\/div><ul><li>Session LU 29\/06\/2026 \u2014 De 9h00 \u00e0 13h30 \u2014 <b><span style='color:DarkSlateBlue;'>COMPLET<\/span><\/b><\/li><li>Session MA 07\/07\/2026 \u2014 De 9h00 \u00e0 13h30 \u2014 <b><span style='color:DarkSlateBlue;'>COMPLET<\/span><\/b><\/li><li>Session ME 08\/07\/2026 \u2014 De 9h00 \u00e0 13h30 \u2014 12 places disponibles<\/li><\/ul><hr><div class=\"produit-ligne\"><a href=\"https:\/\/www.carole-equeter.com\/en\/product\/atelier-masterclass-saisonniere\/\"><img loading=\"lazy\" decoding=\"async\" width=\"300\" height=\"300\" src=\"https:\/\/www.carole-equeter.com\/wp-content\/uploads\/2025\/10\/carole-equeter-cinnamon-buns2-300x300.jpeg\" class=\"attachment-woocommerce_thumbnail size-woocommerce_thumbnail\" alt=\"Masterclass saisonni\u00e8re - \u00c9dition hivernale\" style=\"max-width:100px; height:auto; border-radius:50px;\" \/><\/a><h2><a href=\"https:\/\/www.carole-equeter.com\/en\/product\/atelier-masterclass-saisonniere\/\">Masterclass saisonni\u00e8re - \u00c9dition hivernale<\/a><\/h2><\/div><p>Oups, pas de sessions programm\u00e9es en ce moment, bient\u00f4t une nouvelle programmation.<\/p><hr><div class=\"produit-ligne\"><a href=\"https:\/\/www.carole-equeter.com\/en\/product\/masterclass-saisonniere-edition-printaniere\/\"><img loading=\"lazy\" decoding=\"async\" width=\"300\" height=\"300\" src=\"https:\/\/www.carole-equeter.com\/wp-content\/uploads\/2026\/03\/Baguette-tradition-300x300.jpeg\" class=\"attachment-woocommerce_thumbnail size-woocommerce_thumbnail\" alt=\"Masterclass saisonni\u00e8re - \u00c9dition printani\u00e8re\" style=\"max-width:100px; height:auto; border-radius:50px;\" \/><\/a><h2><a href=\"https:\/\/www.carole-equeter.com\/en\/product\/masterclass-saisonniere-edition-printaniere\/\">Masterclass saisonni\u00e8re - \u00c9dition printani\u00e8re<\/a><\/h2><\/div><ul><li>Session ME 13\/05\/2026 \u2014 De 9h00 \u00e0 13h00 \u2014 <b><span style='color:DarkSlateBlue;'>COMPLET<\/span><\/b><\/li><li>Session JE 18\/06\/2026 \u2014 De 9h00 \u00e0 13h00 \u2014 7 places disponibles<\/li><\/ul><hr><div class=\"produit-ligne\"><a href=\"https:\/\/www.carole-equeter.com\/en\/product\/masterclass-saisonniere-edition-printaniere-en-soiree\/\"><img loading=\"lazy\" decoding=\"async\" width=\"300\" height=\"300\" src=\"https:\/\/www.carole-equeter.com\/wp-content\/uploads\/2026\/03\/Baguette-tradition-300x300.jpeg\" class=\"attachment-woocommerce_thumbnail size-woocommerce_thumbnail\" alt=\"Masterclass saisonni\u00e8re - \u00c9dition printani\u00e8re en soir\u00e9e\" style=\"max-width:100px; height:auto; border-radius:50px;\" \/><\/a><h2><a href=\"https:\/\/www.carole-equeter.com\/en\/product\/masterclass-saisonniere-edition-printaniere-en-soiree\/\">Masterclass saisonni\u00e8re - \u00c9dition printani\u00e8re en soir\u00e9e<\/a><\/h2><\/div><ul><li>Session ME 24\/06\/2026 \u2014 De 18h00 \u00e0 22h00 \u2014 <b><span style='color:DarkSlateBlue;'>COMPLET<\/span><\/b><\/li><\/ul><\/span><\/p>\n<p><span><code><\/code><\/span><\/p>\n<p>[\/et_pb_text][et_pb_text disabled_on=\u00a0\u00bbon|on|on\u00a0\u00bb _builder_version=\u00a0\u00bb4.27.4&Prime; _module_preset=\u00a0\u00bbdefault\u00a0\u00bb disabled=\u00a0\u00bbon\u00a0\u00bb global_colors_info=\u00a0\u00bb{}\u00a0\u00bb]<\/p>\n<p><span>[!sessions_categorie_date_lien slug=\u00a0\u00bbformations\u00a0\u00bb]<\/span><\/p>\n<p><span><\/span><\/p>\n<p><span><code>[!sessions_produit id=\"375\"]<\/code><\/span><\/p>\n<p><span><code>[!sessions_produit id=\"358\"]<\/code><\/span><\/p>\n<p>[\/et_pb_text][\/et_pb_column][\/et_pb_row][\/et_pb_section][et_pb_section fb_built=\u00a0\u00bb1&Prime; _builder_version=\u00a0\u00bb4.27.4&Prime; _module_preset=\u00a0\u00bbdefault\u00a0\u00bb background_color=\u00a0\u00bb#000000&Prime; min_height_tablet=\u00a0\u00bb\u00a0\u00bb min_height_phone=\u00a0\u00bb\u00a0\u00bb min_height_last_edited=\u00a0\u00bbon|desktop\u00a0\u00bb height_tablet=\u00a0\u00bb\u00a0\u00bb height_phone=\u00a0\u00bb\u00a0\u00bb height_last_edited=\u00a0\u00bbon|phone\u00a0\u00bb custom_padding=\u00a0\u00bb10px||0px|||\u00a0\u00bb global_colors_info=\u00a0\u00bb{}\u00a0\u00bb][et_pb_row column_structure=\u00a0\u00bb1_3,1_3,1_3&Prime; use_custom_gutter=\u00a0\u00bbon\u00a0\u00bb make_equal=\u00a0\u00bbon\u00a0\u00bb _builder_version=\u00a0\u00bb4.27.4&Prime; _module_preset=\u00a0\u00bbdefault\u00a0\u00bb global_colors_info=\u00a0\u00bb{}\u00a0\u00bb][et_pb_column type=\u00a0\u00bb1_3&Prime; _builder_version=\u00a0\u00bb4.27.4&Prime; _module_preset=\u00a0\u00bbdefault\u00a0\u00bb global_colors_info=\u00a0\u00bb{}\u00a0\u00bb][et_pb_text _builder_version=\u00a0\u00bb4.27.4&Prime; _module_preset=\u00a0\u00bbdefault\u00a0\u00bb global_colors_info=\u00a0\u00bb{}\u00a0\u00bb]<\/p>\n<h3><span style=\"color: #ffffff;\"><strong>carole-equeter.com<\/strong><\/span><\/h3>\n<p>[\/et_pb_text][et_pb_text _builder_version=\u00a0\u00bb4.27.4&Prime; _module_preset=\u00a0\u00bbdefault\u00a0\u00bb global_colors_info=\u00a0\u00bb{}\u00a0\u00bb]<\/p>\n<p><strong><span style=\"color: #ffffff;\">Contactez-moi<\/span><\/strong><br \/><span style=\"color: #ffffff;\">carole.e@carole-equeter.com<\/span><\/p>\n<p>[\/et_pb_text][\/et_pb_column][et_pb_column type=\u00a0\u00bb1_3&Prime; _builder_version=\u00a0\u00bb4.27.4&Prime; _module_preset=\u00a0\u00bbdefault\u00a0\u00bb global_colors_info=\u00a0\u00bb{}\u00a0\u00bb][et_pb_text _builder_version=\u00a0\u00bb4.27.4&Prime; _module_preset=\u00a0\u00bbdefault\u00a0\u00bb global_colors_info=\u00a0\u00bb{}\u00a0\u00bb]<\/p>\n<p><span style=\"color: #ffffff;\"><a href=\"https:\/\/www.carole-equeter.com\/qui-est-carole\/\" style=\"color: #ffffff;\">Qui est carole ?<\/a><\/span><\/p>\n<p><span style=\"color: #ffffff;\"><a href=\"https:\/\/www.carole-equeter.com\/ateliers\/\" style=\"color: #ffffff;\">Agenda des ateliers<\/a><\/span><\/p>\n<p><span style=\"color: #ffffff;\"><a href=\"https:\/\/www.carole-equeter.com\/services-aux-professionnels\/\" style=\"color: #ffffff;\">Services aux professionnels<\/a><\/span><\/p>\n<p><span style=\"color: #ffffff;\"><a href=\"https:\/\/www.carole-equeter.com\/boutique\/\" style=\"color: #ffffff;\">Boutique<\/a><\/span><\/p>\n<p><span style=\"color: #ffffff;\"><a href=\"https:\/\/www.carole-equeter.com\/contact\/\" style=\"color: #ffffff;\">Contact<\/a><\/span><\/p>\n<p>[\/et_pb_text][\/et_pb_column][et_pb_column type=\u00a0\u00bb1_3&Prime; _builder_version=\u00a0\u00bb4.27.4&Prime; _module_preset=\u00a0\u00bbdefault\u00a0\u00bb global_colors_info=\u00a0\u00bb{}\u00a0\u00bb][et_pb_text _builder_version=\u00a0\u00bb4.27.4&Prime; _module_preset=\u00a0\u00bbdefault\u00a0\u00bb custom_margin=\u00a0\u00bb||11px|||\u00a0\u00bb global_colors_info=\u00a0\u00bb{}\u00a0\u00bb]<\/p>\n<p><span style=\"color: #ffffff;\">Suivez-moi sur les r\u00e9seaux sociaux<\/span><\/p>\n<p>[\/et_pb_text][et_pb_social_media_follow _builder_version=\u00a0\u00bb4.27.4&Prime; _module_preset=\u00a0\u00bbdefault\u00a0\u00bb global_colors_info=\u00a0\u00bb{}\u00a0\u00bb][et_pb_social_media_follow_network social_network=\u00a0\u00bbfacebook\u00a0\u00bb url=\u00a0\u00bbhttps:\/\/www.facebook.com\/DrCaroleEqueter\u00a0\u00bb _builder_version=\u00a0\u00bb4.27.4&Prime; _module_preset=\u00a0\u00bbdefault\u00a0\u00bb background_color=\u00a0\u00bb#3b5998&Prime; global_colors_info=\u00a0\u00bb{}\u00a0\u00bb follow_button=\u00a0\u00bboff\u00a0\u00bb url_new_window=\u00a0\u00bbon\u00a0\u00bb]facebook[\/et_pb_social_media_follow_network][et_pb_social_media_follow_network social_network=\u00a0\u00bbinstagram\u00a0\u00bb url=\u00a0\u00bbhttps:\/\/www.instagram.com\/caroleequeter\/#\u00a0\u00bb _builder_version=\u00a0\u00bb4.27.4&Prime; _module_preset=\u00a0\u00bbdefault\u00a0\u00bb background_color=\u00a0\u00bb#ea2c59&Prime; global_colors_info=\u00a0\u00bb{}\u00a0\u00bb follow_button=\u00a0\u00bboff\u00a0\u00bb url_new_window=\u00a0\u00bbon\u00a0\u00bb]instagram[\/et_pb_social_media_follow_network][et_pb_social_media_follow_network social_network=\u00a0\u00bblinkedin\u00a0\u00bb url=\u00a0\u00bbhttps:\/\/be.linkedin.com\/in\/carole-equeter-9619ba28&Prime; icon_color=\u00a0\u00bb#FFFFFF\u00a0\u00bb _builder_version=\u00a0\u00bb4.27.4&Prime; _module_preset=\u00a0\u00bbdefault\u00a0\u00bb background_color=\u00a0\u00bb#007bb6&Prime; global_colors_info=\u00a0\u00bb{}\u00a0\u00bb follow_button=\u00a0\u00bboff\u00a0\u00bb url_new_window=\u00a0\u00bbon\u00a0\u00bb]linkedin[\/et_pb_social_media_follow_network][\/et_pb_social_media_follow][et_pb_text _builder_version=\u00a0\u00bb4.27.4&Prime; _module_preset=\u00a0\u00bbdefault\u00a0\u00bb global_colors_info=\u00a0\u00bb{}\u00a0\u00bb]<\/p>\n<p><span style=\"color: #ffffff;\"><a href=\"https:\/\/www.carole-equeter.com\/conditions-generales-de-vente\" style=\"color: #ffffff;\">Conditions g\u00e9n\u00e9rales de vente<\/a><br \/>BCE BE 057.983.555<br \/><\/span><\/p>\n<p>[\/et_pb_text][\/et_pb_column][\/et_pb_row][\/et_pb_section]<\/p>\n","protected":false},"excerpt":{"rendered":"<p>[et_pb_section fb_built=\u00a0\u00bb1&Prime; _builder_version=\u00a0\u00bb4.27.4&Prime; _module_preset=\u00a0\u00bbdefault\u00a0\u00bb custom_padding=\u00a0\u00bb||35px|||\u00a0\u00bb global_colors_info=\u00a0\u00bb{}\u00a0\u00bb][et_pb_row _builder_version=\u00a0\u00bb4.27.4&Prime; _module_preset=\u00a0\u00bbdefault\u00a0\u00bb global_colors_info=\u00a0\u00bb{}\u00a0\u00bb][et_pb_column type=\u00a0\u00bb4_4&Prime; _builder_version=\u00a0\u00bb4.27.4&Prime; _module_preset=\u00a0\u00bbdefault\u00a0\u00bb global_colors_info=\u00a0\u00bb{}\u00a0\u00bb][et_pb_heading title=\u00a0\u00bb@ET-DC@eyJkeW5hbWljIjp0cnVlLCJjb250ZW50IjoicG9zdF90aXRsZSIsInNldHRpbmdzIjp7ImJlZm9yZSI6IiIsImFmdGVyIjoiIn19@\u00a0\u00bb _builder_version=\u00a0\u00bb4.27.4&Prime; _dynamic_attributes=\u00a0\u00bbtitle\u00a0\u00bb _module_preset=\u00a0\u00bbdefault\u00a0\u00bb title_font=\u00a0\u00bbCorinthia||||||||\u00a0\u00bb title_font_size=\u00a0\u00bb60px\u00a0\u00bb title_font_size_tablet=\u00a0\u00bb60px\u00a0\u00bb title_font_size_phone=\u00a0\u00bb60px\u00a0\u00bb title_font_size_last_edited=\u00a0\u00bbon|tablet\u00a0\u00bb locked=\u00a0\u00bboff\u00a0\u00bb global_colors_info=\u00a0\u00bb{}\u00a0\u00bb][\/et_pb_heading][\/et_pb_column][\/et_pb_row][\/et_pb_section][et_pb_section fb_built=\u00a0\u00bb1&Prime; admin_label=\u00a0\u00bbsection\u00a0\u00bb _builder_version=\u00a0\u00bb4.16&Prime; custom_padding=\u00a0\u00bb0px|||||\u00a0\u00bb global_colors_info=\u00a0\u00bb{}\u00a0\u00bb][et_pb_row admin_label=\u00a0\u00bbrow\u00a0\u00bb _builder_version=\u00a0\u00bb4.16&Prime; background_size=\u00a0\u00bbinitial\u00a0\u00bb background_position=\u00a0\u00bbtop_left\u00a0\u00bb background_repeat=\u00a0\u00bbrepeat\u00a0\u00bb custom_padding=\u00a0\u00bb4px|||||\u00a0\u00bb global_colors_info=\u00a0\u00bb{}\u00a0\u00bb][et_pb_column type=\u00a0\u00bb4_4&Prime; _builder_version=\u00a0\u00bb4.16&Prime; custom_padding=\u00a0\u00bb|||\u00a0\u00bb global_colors_info=\u00a0\u00bb{}\u00a0\u00bb custom_padding__hover=\u00a0\u00bb|||\u00a0\u00bb][et_pb_text _builder_version=\u00a0\u00bb4.27.4&Prime; _module_preset=\u00a0\u00bbdefault\u00a0\u00bb custom_padding=\u00a0\u00bb||0px|||\u00a0\u00bb global_colors_info=\u00a0\u00bb{}\u00a0\u00bb] En cuisine avec Carole Equeter&#8230; et sa pinc\u00e9e de science [&hellip;]<\/p>\n","protected":false},"author":1,"featured_media":0,"parent":0,"menu_order":0,"comment_status":"closed","ping_status":"closed","template":"","meta":{"_et_pb_use_builder":"on","_et_pb_old_content":"<!-- wp:paragraph -->\n<p>This is an example page. It's different from a blog post because it will stay in one place and will show up in your site navigation (in most themes). Most people start with an About page that introduces them to potential site visitors. It might say something like this:<\/p>\n<!-- \/wp:paragraph -->\n\n<!-- wp:quote -->\n<blockquote class=\"wp-block-quote\"><p>Hi there! I'm a bike messenger by day, aspiring actor by night, and this is my website. I live in Los Angeles, have a great dog named Jack, and I like pi&#241;a coladas. (And gettin' caught in the rain.)<\/p><\/blockquote>\n<!-- \/wp:quote -->\n\n<!-- wp:paragraph -->\n<p>...or something like this:<\/p>\n<!-- \/wp:paragraph -->\n\n<!-- wp:quote -->\n<blockquote class=\"wp-block-quote\"><p>The XYZ Doohickey Company was founded in 1971, and has been providing quality doohickeys to the public ever since. Located in Gotham City, XYZ employs over 2,000 people and does all kinds of awesome things for the Gotham community.<\/p><\/blockquote>\n<!-- \/wp:quote -->\n\n<!-- wp:paragraph -->\n<p>As a new WordPress user, you should go to <a href=\"https:\/\/www.carole-equeter.com\/wp-admin\/\">your dashboard<\/a> to delete this page and create new pages for your content. Have fun!<\/p>\n<!-- \/wp:paragraph -->","_et_gb_content_width":"","footnotes":""},"class_list":["post-2","page","type-page","status-publish","hentry"],"yoast_head":"<!-- This site is optimized with the Yoast SEO plugin v27.2 - https:\/\/yoast.com\/product\/yoast-seo-wordpress\/ -->\n<title>Ateliers - Carole Equeter<\/title>\n<meta name=\"robots\" content=\"index, follow, max-snippet:-1, max-image-preview:large, max-video-preview:-1\" \/>\n<link rel=\"canonical\" href=\"https:\/\/www.carole-equeter.com\/en\/ateliers\/\" \/>\n<meta property=\"og:locale\" content=\"en_GB\" \/>\n<meta property=\"og:type\" content=\"article\" \/>\n<meta property=\"og:title\" content=\"Ateliers - Carole Equeter\" \/>\n<meta property=\"og:description\" content=\"[et_pb_section fb_built=\u00a0\u00bb1&Prime; _builder_version=\u00a0\u00bb4.27.4&Prime; _module_preset=\u00a0\u00bbdefault\u00a0\u00bb custom_padding=\u00a0\u00bb||35px|||\u00a0\u00bb global_colors_info=\u00a0\u00bb{}\u00a0\u00bb][et_pb_row _builder_version=\u00a0\u00bb4.27.4&Prime; _module_preset=\u00a0\u00bbdefault\u00a0\u00bb global_colors_info=\u00a0\u00bb{}\u00a0\u00bb][et_pb_column type=\u00a0\u00bb4_4&Prime; _builder_version=\u00a0\u00bb4.27.4&Prime; _module_preset=\u00a0\u00bbdefault\u00a0\u00bb global_colors_info=\u00a0\u00bb{}\u00a0\u00bb][et_pb_heading title=\u00a0\u00bb@ET-DC@eyJkeW5hbWljIjp0cnVlLCJjb250ZW50IjoicG9zdF90aXRsZSIsInNldHRpbmdzIjp7ImJlZm9yZSI6IiIsImFmdGVyIjoiIn19@\u00a0\u00bb _builder_version=\u00a0\u00bb4.27.4&Prime; _dynamic_attributes=\u00a0\u00bbtitle\u00a0\u00bb _module_preset=\u00a0\u00bbdefault\u00a0\u00bb title_font=\u00a0\u00bbCorinthia||||||||\u00a0\u00bb title_font_size=\u00a0\u00bb60px\u00a0\u00bb title_font_size_tablet=\u00a0\u00bb60px\u00a0\u00bb title_font_size_phone=\u00a0\u00bb60px\u00a0\u00bb title_font_size_last_edited=\u00a0\u00bbon|tablet\u00a0\u00bb locked=\u00a0\u00bboff\u00a0\u00bb global_colors_info=\u00a0\u00bb{}\u00a0\u00bb][\/et_pb_heading][\/et_pb_column][\/et_pb_row][\/et_pb_section][et_pb_section fb_built=\u00a0\u00bb1&Prime; admin_label=\u00a0\u00bbsection\u00a0\u00bb _builder_version=\u00a0\u00bb4.16&Prime; custom_padding=\u00a0\u00bb0px|||||\u00a0\u00bb global_colors_info=\u00a0\u00bb{}\u00a0\u00bb][et_pb_row admin_label=\u00a0\u00bbrow\u00a0\u00bb _builder_version=\u00a0\u00bb4.16&Prime; background_size=\u00a0\u00bbinitial\u00a0\u00bb background_position=\u00a0\u00bbtop_left\u00a0\u00bb background_repeat=\u00a0\u00bbrepeat\u00a0\u00bb custom_padding=\u00a0\u00bb4px|||||\u00a0\u00bb global_colors_info=\u00a0\u00bb{}\u00a0\u00bb][et_pb_column type=\u00a0\u00bb4_4&Prime; _builder_version=\u00a0\u00bb4.16&Prime; custom_padding=\u00a0\u00bb|||\u00a0\u00bb global_colors_info=\u00a0\u00bb{}\u00a0\u00bb custom_padding__hover=\u00a0\u00bb|||\u00a0\u00bb][et_pb_text _builder_version=\u00a0\u00bb4.27.4&Prime; _module_preset=\u00a0\u00bbdefault\u00a0\u00bb custom_padding=\u00a0\u00bb||0px|||\u00a0\u00bb global_colors_info=\u00a0\u00bb{}\u00a0\u00bb] En cuisine avec Carole Equeter&#8230; et sa pinc\u00e9e de science [&hellip;]\" \/>\n<meta property=\"og:url\" content=\"https:\/\/www.carole-equeter.com\/en\/ateliers\/\" \/>\n<meta property=\"og:site_name\" content=\"Carole Equeter\" \/>\n<meta property=\"article:modified_time\" content=\"2026-02-15T17:09:57+00:00\" \/>\n<meta property=\"og:image\" content=\"https:\/\/www.carole-equeter.com\/wp-content\/uploads\/2025\/09\/qui_est_carole_equeter.jpg\" \/>\n\t<meta property=\"og:image:width\" content=\"1600\" \/>\n\t<meta property=\"og:image:height\" content=\"900\" \/>\n\t<meta property=\"og:image:type\" content=\"image\/jpeg\" \/>\n<meta name=\"twitter:card\" content=\"summary_large_image\" \/>\n<meta name=\"twitter:label1\" content=\"Estimated reading time\" \/>\n\t<meta name=\"twitter:data1\" content=\"5 minutes\" \/>\n<script type=\"application\/ld+json\" class=\"yoast-schema-graph\">{\"@context\":\"https:\/\/schema.org\",\"@graph\":[{\"@type\":\"WebPage\",\"@id\":\"https:\/\/www.carole-equeter.com\/ateliers\/\",\"url\":\"https:\/\/www.carole-equeter.com\/ateliers\/\",\"name\":\"Ateliers - Carole Equeter\",\"isPartOf\":{\"@id\":\"https:\/\/www.carole-equeter.com\/en\/#website\"},\"datePublished\":\"2025-08-06T07:10:37+00:00\",\"dateModified\":\"2026-02-15T17:09:57+00:00\",\"breadcrumb\":{\"@id\":\"https:\/\/www.carole-equeter.com\/ateliers\/#breadcrumb\"},\"inLanguage\":\"en-GB\",\"potentialAction\":[{\"@type\":\"ReadAction\",\"target\":[\"https:\/\/www.carole-equeter.com\/ateliers\/\"]}]},{\"@type\":\"BreadcrumbList\",\"@id\":\"https:\/\/www.carole-equeter.com\/ateliers\/#breadcrumb\",\"itemListElement\":[{\"@type\":\"ListItem\",\"position\":1,\"name\":\"Accueil\",\"item\":\"https:\/\/www.carole-equeter.com\/en\/\"},{\"@type\":\"ListItem\",\"position\":2,\"name\":\"Ateliers\"}]},{\"@type\":\"WebSite\",\"@id\":\"https:\/\/www.carole-equeter.com\/en\/#website\",\"url\":\"https:\/\/www.carole-equeter.com\/en\/\",\"name\":\"Carole Equeter\",\"description\":\"En cuisine avec Carole Equeter, \u2026 et une pinc\u00e9e de science\",\"publisher\":{\"@id\":\"https:\/\/www.carole-equeter.com\/en\/#organization\"},\"potentialAction\":[{\"@type\":\"SearchAction\",\"target\":{\"@type\":\"EntryPoint\",\"urlTemplate\":\"https:\/\/www.carole-equeter.com\/en\/?s={search_term_string}\"},\"query-input\":{\"@type\":\"PropertyValueSpecification\",\"valueRequired\":true,\"valueName\":\"search_term_string\"}}],\"inLanguage\":\"en-GB\"},{\"@type\":\"Organization\",\"@id\":\"https:\/\/www.carole-equeter.com\/en\/#organization\",\"name\":\"Carole Equeter\",\"url\":\"https:\/\/www.carole-equeter.com\/en\/\",\"logo\":{\"@type\":\"ImageObject\",\"inLanguage\":\"en-GB\",\"@id\":\"https:\/\/www.carole-equeter.com\/en\/#\/schema\/logo\/image\/\",\"url\":\"https:\/\/www.carole-equeter.com\/wp-content\/uploads\/2025\/10\/favicon.png\",\"contentUrl\":\"https:\/\/www.carole-equeter.com\/wp-content\/uploads\/2025\/10\/favicon.png\",\"width\":512,\"height\":512,\"caption\":\"Carole Equeter\"},\"image\":{\"@id\":\"https:\/\/www.carole-equeter.com\/en\/#\/schema\/logo\/image\/\"}}]}<\/script>\n<!-- \/ Yoast SEO plugin. -->","yoast_head_json":{"title":"Ateliers - Carole Equeter","robots":{"index":"index","follow":"follow","max-snippet":"max-snippet:-1","max-image-preview":"max-image-preview:large","max-video-preview":"max-video-preview:-1"},"canonical":"https:\/\/www.carole-equeter.com\/en\/ateliers\/","og_locale":"en_GB","og_type":"article","og_title":"Ateliers - Carole Equeter","og_description":"[et_pb_section fb_built=\u00a0\u00bb1&Prime; _builder_version=\u00a0\u00bb4.27.4&Prime; _module_preset=\u00a0\u00bbdefault\u00a0\u00bb custom_padding=\u00a0\u00bb||35px|||\u00a0\u00bb global_colors_info=\u00a0\u00bb{}\u00a0\u00bb][et_pb_row _builder_version=\u00a0\u00bb4.27.4&Prime; _module_preset=\u00a0\u00bbdefault\u00a0\u00bb global_colors_info=\u00a0\u00bb{}\u00a0\u00bb][et_pb_column type=\u00a0\u00bb4_4&Prime; _builder_version=\u00a0\u00bb4.27.4&Prime; _module_preset=\u00a0\u00bbdefault\u00a0\u00bb global_colors_info=\u00a0\u00bb{}\u00a0\u00bb][et_pb_heading title=\u00a0\u00bb@ET-DC@eyJkeW5hbWljIjp0cnVlLCJjb250ZW50IjoicG9zdF90aXRsZSIsInNldHRpbmdzIjp7ImJlZm9yZSI6IiIsImFmdGVyIjoiIn19@\u00a0\u00bb _builder_version=\u00a0\u00bb4.27.4&Prime; _dynamic_attributes=\u00a0\u00bbtitle\u00a0\u00bb _module_preset=\u00a0\u00bbdefault\u00a0\u00bb title_font=\u00a0\u00bbCorinthia||||||||\u00a0\u00bb title_font_size=\u00a0\u00bb60px\u00a0\u00bb title_font_size_tablet=\u00a0\u00bb60px\u00a0\u00bb title_font_size_phone=\u00a0\u00bb60px\u00a0\u00bb title_font_size_last_edited=\u00a0\u00bbon|tablet\u00a0\u00bb locked=\u00a0\u00bboff\u00a0\u00bb global_colors_info=\u00a0\u00bb{}\u00a0\u00bb][\/et_pb_heading][\/et_pb_column][\/et_pb_row][\/et_pb_section][et_pb_section fb_built=\u00a0\u00bb1&Prime; admin_label=\u00a0\u00bbsection\u00a0\u00bb _builder_version=\u00a0\u00bb4.16&Prime; custom_padding=\u00a0\u00bb0px|||||\u00a0\u00bb global_colors_info=\u00a0\u00bb{}\u00a0\u00bb][et_pb_row admin_label=\u00a0\u00bbrow\u00a0\u00bb _builder_version=\u00a0\u00bb4.16&Prime; background_size=\u00a0\u00bbinitial\u00a0\u00bb background_position=\u00a0\u00bbtop_left\u00a0\u00bb background_repeat=\u00a0\u00bbrepeat\u00a0\u00bb custom_padding=\u00a0\u00bb4px|||||\u00a0\u00bb global_colors_info=\u00a0\u00bb{}\u00a0\u00bb][et_pb_column type=\u00a0\u00bb4_4&Prime; _builder_version=\u00a0\u00bb4.16&Prime; custom_padding=\u00a0\u00bb|||\u00a0\u00bb global_colors_info=\u00a0\u00bb{}\u00a0\u00bb custom_padding__hover=\u00a0\u00bb|||\u00a0\u00bb][et_pb_text _builder_version=\u00a0\u00bb4.27.4&Prime; _module_preset=\u00a0\u00bbdefault\u00a0\u00bb custom_padding=\u00a0\u00bb||0px|||\u00a0\u00bb global_colors_info=\u00a0\u00bb{}\u00a0\u00bb] En cuisine avec Carole Equeter&#8230; et sa pinc\u00e9e de science [&hellip;]","og_url":"https:\/\/www.carole-equeter.com\/en\/ateliers\/","og_site_name":"Carole Equeter","article_modified_time":"2026-02-15T17:09:57+00:00","og_image":[{"width":1600,"height":900,"url":"https:\/\/www.carole-equeter.com\/wp-content\/uploads\/2025\/09\/qui_est_carole_equeter.jpg","type":"image\/jpeg"}],"twitter_card":"summary_large_image","twitter_misc":{"Estimated reading time":"5 minutes"},"schema":{"@context":"https:\/\/schema.org","@graph":[{"@type":"WebPage","@id":"https:\/\/www.carole-equeter.com\/ateliers\/","url":"https:\/\/www.carole-equeter.com\/ateliers\/","name":"Ateliers - Carole Equeter","isPartOf":{"@id":"https:\/\/www.carole-equeter.com\/en\/#website"},"datePublished":"2025-08-06T07:10:37+00:00","dateModified":"2026-02-15T17:09:57+00:00","breadcrumb":{"@id":"https:\/\/www.carole-equeter.com\/ateliers\/#breadcrumb"},"inLanguage":"en-GB","potentialAction":[{"@type":"ReadAction","target":["https:\/\/www.carole-equeter.com\/ateliers\/"]}]},{"@type":"BreadcrumbList","@id":"https:\/\/www.carole-equeter.com\/ateliers\/#breadcrumb","itemListElement":[{"@type":"ListItem","position":1,"name":"Accueil","item":"https:\/\/www.carole-equeter.com\/en\/"},{"@type":"ListItem","position":2,"name":"Ateliers"}]},{"@type":"WebSite","@id":"https:\/\/www.carole-equeter.com\/en\/#website","url":"https:\/\/www.carole-equeter.com\/en\/","name":"Carole Equeter","description":"En cuisine avec Carole Equeter, \u2026 et une pinc\u00e9e de science","publisher":{"@id":"https:\/\/www.carole-equeter.com\/en\/#organization"},"potentialAction":[{"@type":"SearchAction","target":{"@type":"EntryPoint","urlTemplate":"https:\/\/www.carole-equeter.com\/en\/?s={search_term_string}"},"query-input":{"@type":"PropertyValueSpecification","valueRequired":true,"valueName":"search_term_string"}}],"inLanguage":"en-GB"},{"@type":"Organization","@id":"https:\/\/www.carole-equeter.com\/en\/#organization","name":"Carole Equeter","url":"https:\/\/www.carole-equeter.com\/en\/","logo":{"@type":"ImageObject","inLanguage":"en-GB","@id":"https:\/\/www.carole-equeter.com\/en\/#\/schema\/logo\/image\/","url":"https:\/\/www.carole-equeter.com\/wp-content\/uploads\/2025\/10\/favicon.png","contentUrl":"https:\/\/www.carole-equeter.com\/wp-content\/uploads\/2025\/10\/favicon.png","width":512,"height":512,"caption":"Carole Equeter"},"image":{"@id":"https:\/\/www.carole-equeter.com\/en\/#\/schema\/logo\/image\/"}}]}},"_links":{"self":[{"href":"https:\/\/www.carole-equeter.com\/en\/wp-json\/wp\/v2\/pages\/2","targetHints":{"allow":["GET"]}}],"collection":[{"href":"https:\/\/www.carole-equeter.com\/en\/wp-json\/wp\/v2\/pages"}],"about":[{"href":"https:\/\/www.carole-equeter.com\/en\/wp-json\/wp\/v2\/types\/page"}],"author":[{"embeddable":true,"href":"https:\/\/www.carole-equeter.com\/en\/wp-json\/wp\/v2\/users\/1"}],"replies":[{"embeddable":true,"href":"https:\/\/www.carole-equeter.com\/en\/wp-json\/wp\/v2\/comments?post=2"}],"version-history":[{"count":43,"href":"https:\/\/www.carole-equeter.com\/en\/wp-json\/wp\/v2\/pages\/2\/revisions"}],"predecessor-version":[{"id":2024,"href":"https:\/\/www.carole-equeter.com\/en\/wp-json\/wp\/v2\/pages\/2\/revisions\/2024"}],"wp:attachment":[{"href":"https:\/\/www.carole-equeter.com\/en\/wp-json\/wp\/v2\/media?parent=2"}],"curies":[{"name":"wp","href":"https:\/\/api.w.org\/{rel}","templated":true}]}}