{"id":1065,"date":"2025-10-17T18:44:07","date_gmt":"2025-10-17T18:44:07","guid":{"rendered":"https:\/\/www.carole-equeter.com\/?post_type=product&#038;p=1065"},"modified":"2026-02-15T17:15:02","modified_gmt":"2026-02-15T17:15:02","slug":"atelier-masterclass-saisonniere","status":"publish","type":"product","link":"https:\/\/www.carole-equeter.com\/en\/product\/atelier-masterclass-saisonniere\/","title":{"rendered":"Masterclass saisonni\u00e8re &#8211; \u00c9dition hivernale"},"content":{"rendered":"<div align=\"left\">\n<h3 data-start=\"209\" data-end=\"261\"><strong data-start=\"213\" data-end=\"261\">Mettez un galon \u00e0 votre toque de boulanger !<\/strong><\/h3>\n<p data-start=\"263\" data-end=\"703\">Cet atelier est d\u00e9di\u00e9 aux passionn\u00e9s qui souhaitent aller plus loin, d\u00e9couvrir de nouvelles recettes, des ingr\u00e9dients originaux et des techniques plus pointues.<br data-start=\"423\" data-end=\"426\" \/>Que vous ayez d\u00e9j\u00e0 particip\u00e9 \u00e0 un atelier ou que vous soyez simplement curieux de perfectionner votre savoir-faire, cette masterclass est faite pour vous.<br data-start=\"580\" data-end=\"583\" \/>Avec Carole, explorez l\u2019univers du pain sous un angle plus cr\u00e9atif, toujours saupoudr\u00e9 de sa fameuse pinc\u00e9e de science !<\/p>\n<h3 data-start=\"705\" data-end=\"727\"><strong data-start=\"709\" data-end=\"727\">Au programme :<\/strong><\/h3>\n<ul data-start=\"729\" data-end=\"1141\">\n<li data-start=\"729\" data-end=\"819\">\n<p data-start=\"731\" data-end=\"819\">Approfondir les techniques de panification et de fa\u00e7onnage pour des pains d\u2019exception.<\/p>\n<\/li>\n<li data-start=\"820\" data-end=\"894\">\n<p data-start=\"822\" data-end=\"894\">D\u00e9couvrir de nouvelles associations de saveurs et textures originales.<\/p>\n<\/li>\n<li data-start=\"895\" data-end=\"985\">\n<p data-start=\"897\" data-end=\"985\">Comprendre le r\u00f4le des ingr\u00e9dients \u00ab signature \u00bb qui transforment un pain en cr\u00e9ation.<\/p>\n<\/li>\n<li data-start=\"986\" data-end=\"1072\">\n<p data-start=\"988\" data-end=\"1072\">Profiter de conseils personnalis\u00e9s pour repousser vos limites de boulanger maison.<\/p>\n<\/li>\n<li data-start=\"1073\" data-end=\"1141\">\n<p data-start=\"1075\" data-end=\"1141\">Et, bien s\u00fbr, partager un moment convivial, gourmand et inspirant.<\/p>\n<\/li>\n<\/ul>\n<h3 data-start=\"1143\" data-end=\"1173\"><strong data-start=\"1147\" data-end=\"1173\">Au menu de l\u2019atelier :<\/strong><\/h3>\n<p data-start=\"1175\" data-end=\"1321\">Pain aux lardons<br data-start=\"1192\" data-end=\"1195\" \/>Pain de seigle aux noix<br data-start=\"1221\" data-end=\"1224\" \/>Pain g\u00e2teau<br data-start=\"1238\" data-end=\"1241\" \/><em data-start=\"1244\" data-end=\"1259\">Cinnamon Buns<\/em> \u2014 la viennoiserie qui fait fureur sur les r\u00e9seaux sociaux !<\/p>\n<p data-start=\"1323\" data-end=\"1523\">\ud83d\udc69\u200d\ud83d\udd2c <strong data-start=\"1329\" data-end=\"1357\">Anim\u00e9 par Carole Equeter<\/strong>, Docteur en sciences, Boulanger-P\u00e2tissier et auteure de plusieurs livres dont <em data-start=\"1416\" data-end=\"1434\">Pains, mie &amp; Cie.<\/em><br data-start=\"1434\" data-end=\"1437\" \/>Une masterclass unique m\u00ealant passion, pr\u00e9cision et d\u00e9couverte de saveurs audacieuses.<\/p>\n<p data-start=\"1525\" data-end=\"1726\">\u2139\ufe0f <strong data-start=\"1528\" data-end=\"1556\">L\u2019inscription comprend :<\/strong><br data-start=\"1556\" data-end=\"1559\" \/>\u2714\ufe0f Les mati\u00e8res premi\u00e8res<br data-start=\"1584\" data-end=\"1587\" \/>\u2714\ufe0f Les fichiers recettes d\u00e9taill\u00e9s<br data-start=\"1621\" data-end=\"1624\" \/>\u2714\ufe0f Les conseils personnalis\u00e9s de Carole<br data-start=\"1663\" data-end=\"1666\" \/>\u2714\ufe0f Un assortiment des cr\u00e9ations r\u00e9alis\u00e9es durant l\u2019atelier<\/p>\n<\/div>\n<div id=\"ConnectiveDocSignExtentionInstalled\" data-extension-version=\"1.0.4\"><\/div>","protected":false},"excerpt":{"rendered":"<p><strong>\u00c9veillez le petit boulanger qui est en vous<\/strong><\/p>\n<p>Que vous soyez d\u00e9butant curieux ou d\u00e9j\u00e0 passionn\u00e9 de pain, cet atelier est fait pour vous.<br \/>\nAvec Carole, reprenez les <strong>bases essentielles de la panification<\/strong> pour apprendre, progresser et surtout prendre plaisir \u00e0 cr\u00e9er\u2026 le tout saupoudr\u00e9 de sa <em>pinc\u00e9e de science<\/em> !<\/p>\n<div id=\"ConnectiveDocSignExtentionInstalled\" data-extension-version=\"1.0.4\"><\/div>","protected":false},"featured_media":2002,"template":"","meta":{"_et_pb_use_builder":"","_et_pb_old_content":"","_et_gb_content_width":""},"product_brand":[],"product_cat":[26,21],"product_tag":[],"mwb_booking_people":[],"mwb_booking_cost":[],"mwb_booking_service":[],"class_list":{"0":"post-1065","1":"product","2":"type-product","3":"status-publish","4":"has-post-thumbnail","6":"product_cat-booking","7":"product_cat-formations","9":"first","10":"instock","11":"virtual","12":"taxable","13":"purchasable","14":"product-type-mwb_booking"},"yoast_head":"<!-- This site is optimized with the Yoast SEO plugin v27.2 - https:\/\/yoast.com\/product\/yoast-seo-wordpress\/ -->\n<title>Masterclass saisonni\u00e8re - \u00c9dition hivernale - Carole Equeter<\/title>\n<meta name=\"description\" content=\"Mettez un galon \u00e0 votre toque de boulanger !Cet atelier est d\u00e9di\u00e9 aux passionn\u00e9s qui souhaitent aller plus loin, d\u00e9couvrir de nouvelles recettes, des ingr\u00e9dients originaux et des techniques plus pointues.\" \/>\n<meta name=\"robots\" content=\"index, follow, max-snippet:-1, max-image-preview:large, max-video-preview:-1\" \/>\n<link rel=\"canonical\" href=\"https:\/\/www.carole-equeter.com\/en\/product\/atelier-masterclass-saisonniere\/\" \/>\n<meta property=\"og:locale\" content=\"en_GB\" \/>\n<meta property=\"og:type\" content=\"article\" \/>\n<meta property=\"og:title\" content=\"Masterclass saisonni\u00e8re - \u00c9dition hivernale - Carole Equeter\" \/>\n<meta property=\"og:description\" content=\"Mettez un galon \u00e0 votre toque de boulanger !Cet atelier est d\u00e9di\u00e9 aux passionn\u00e9s qui souhaitent aller plus loin, d\u00e9couvrir de nouvelles recettes, des ingr\u00e9dients originaux et des techniques plus pointues.\" \/>\n<meta property=\"og:url\" content=\"https:\/\/www.carole-equeter.com\/en\/product\/atelier-masterclass-saisonniere\/\" \/>\n<meta property=\"og:site_name\" content=\"Carole Equeter\" \/>\n<meta property=\"article:modified_time\" content=\"2026-02-15T17:15:02+00:00\" \/>\n<meta property=\"og:image\" content=\"https:\/\/www.carole-equeter.com\/wp-content\/uploads\/2025\/10\/carole-equeter-cinnamon-buns2.jpeg\" \/>\n\t<meta property=\"og:image:width\" content=\"1502\" \/>\n\t<meta property=\"og:image:height\" content=\"1600\" \/>\n\t<meta property=\"og:image:type\" content=\"image\/jpeg\" \/>\n<meta name=\"twitter:card\" content=\"summary_large_image\" \/>\n<meta name=\"twitter:label1\" content=\"Estimated reading time\" \/>\n\t<meta name=\"twitter:data1\" content=\"2 minutes\" \/>\n<script type=\"application\/ld+json\" class=\"yoast-schema-graph\">{\"@context\":\"https:\/\/schema.org\",\"@graph\":[{\"@type\":\"WebPage\",\"@id\":\"https:\/\/www.carole-equeter.com\/produit\/atelier-masterclass-saisonniere\/\",\"url\":\"https:\/\/www.carole-equeter.com\/produit\/atelier-masterclass-saisonniere\/\",\"name\":\"Masterclass saisonni\u00e8re - \u00c9dition hivernale - Carole Equeter\",\"isPartOf\":{\"@id\":\"https:\/\/www.carole-equeter.com\/en\/#website\"},\"primaryImageOfPage\":{\"@id\":\"https:\/\/www.carole-equeter.com\/produit\/atelier-masterclass-saisonniere\/#primaryimage\"},\"image\":{\"@id\":\"https:\/\/www.carole-equeter.com\/produit\/atelier-masterclass-saisonniere\/#primaryimage\"},\"thumbnailUrl\":\"https:\/\/www.carole-equeter.com\/wp-content\/uploads\/2025\/10\/carole-equeter-cinnamon-buns2.jpeg\",\"datePublished\":\"2025-10-17T18:44:07+00:00\",\"dateModified\":\"2026-02-15T17:15:02+00:00\",\"description\":\"Mettez un galon \u00e0 votre toque de boulanger !Cet atelier est d\u00e9di\u00e9 aux passionn\u00e9s qui souhaitent aller plus loin, d\u00e9couvrir de nouvelles recettes, des ingr\u00e9dients originaux et des techniques plus pointues.\",\"breadcrumb\":{\"@id\":\"https:\/\/www.carole-equeter.com\/produit\/atelier-masterclass-saisonniere\/#breadcrumb\"},\"inLanguage\":\"en-GB\",\"potentialAction\":[{\"@type\":\"ReadAction\",\"target\":[\"https:\/\/www.carole-equeter.com\/produit\/atelier-masterclass-saisonniere\/\"]}]},{\"@type\":\"ImageObject\",\"inLanguage\":\"en-GB\",\"@id\":\"https:\/\/www.carole-equeter.com\/produit\/atelier-masterclass-saisonniere\/#primaryimage\",\"url\":\"https:\/\/www.carole-equeter.com\/wp-content\/uploads\/2025\/10\/carole-equeter-cinnamon-buns2.jpeg\",\"contentUrl\":\"https:\/\/www.carole-equeter.com\/wp-content\/uploads\/2025\/10\/carole-equeter-cinnamon-buns2.jpeg\",\"width\":1502,\"height\":1600},{\"@type\":\"BreadcrumbList\",\"@id\":\"https:\/\/www.carole-equeter.com\/produit\/atelier-masterclass-saisonniere\/#breadcrumb\",\"itemListElement\":[{\"@type\":\"ListItem\",\"position\":1,\"name\":\"Accueil\",\"item\":\"https:\/\/www.carole-equeter.com\/en\/\"},{\"@type\":\"ListItem\",\"position\":2,\"name\":\"Boutique\",\"item\":\"https:\/\/www.carole-equeter.com\/en\/boutique\/\"},{\"@type\":\"ListItem\",\"position\":3,\"name\":\"Masterclass saisonni\u00e8re &#8211; \u00c9dition hivernale\"}]},{\"@type\":\"WebSite\",\"@id\":\"https:\/\/www.carole-equeter.com\/en\/#website\",\"url\":\"https:\/\/www.carole-equeter.com\/en\/\",\"name\":\"Carole Equeter\",\"description\":\"En cuisine avec Carole Equeter, \u2026 et une pinc\u00e9e de science\",\"publisher\":{\"@id\":\"https:\/\/www.carole-equeter.com\/en\/#organization\"},\"potentialAction\":[{\"@type\":\"SearchAction\",\"target\":{\"@type\":\"EntryPoint\",\"urlTemplate\":\"https:\/\/www.carole-equeter.com\/en\/?s={search_term_string}\"},\"query-input\":{\"@type\":\"PropertyValueSpecification\",\"valueRequired\":true,\"valueName\":\"search_term_string\"}}],\"inLanguage\":\"en-GB\"},{\"@type\":\"Organization\",\"@id\":\"https:\/\/www.carole-equeter.com\/en\/#organization\",\"name\":\"Carole Equeter\",\"url\":\"https:\/\/www.carole-equeter.com\/en\/\",\"logo\":{\"@type\":\"ImageObject\",\"inLanguage\":\"en-GB\",\"@id\":\"https:\/\/www.carole-equeter.com\/en\/#\/schema\/logo\/image\/\",\"url\":\"https:\/\/www.carole-equeter.com\/wp-content\/uploads\/2025\/10\/favicon.png\",\"contentUrl\":\"https:\/\/www.carole-equeter.com\/wp-content\/uploads\/2025\/10\/favicon.png\",\"width\":512,\"height\":512,\"caption\":\"Carole Equeter\"},\"image\":{\"@id\":\"https:\/\/www.carole-equeter.com\/en\/#\/schema\/logo\/image\/\"}}]}<\/script>\n<!-- \/ Yoast SEO plugin. -->","yoast_head_json":{"title":"Masterclass saisonni\u00e8re - \u00c9dition hivernale - Carole Equeter","description":"Mettez un galon \u00e0 votre toque de boulanger !Cet atelier est d\u00e9di\u00e9 aux passionn\u00e9s qui souhaitent aller plus loin, d\u00e9couvrir de nouvelles recettes, des ingr\u00e9dients originaux et des techniques plus pointues.","robots":{"index":"index","follow":"follow","max-snippet":"max-snippet:-1","max-image-preview":"max-image-preview:large","max-video-preview":"max-video-preview:-1"},"canonical":"https:\/\/www.carole-equeter.com\/en\/product\/atelier-masterclass-saisonniere\/","og_locale":"en_GB","og_type":"article","og_title":"Masterclass saisonni\u00e8re - \u00c9dition hivernale - Carole Equeter","og_description":"Mettez un galon \u00e0 votre toque de boulanger !Cet atelier est d\u00e9di\u00e9 aux passionn\u00e9s qui souhaitent aller plus loin, d\u00e9couvrir de nouvelles recettes, des ingr\u00e9dients originaux et des techniques plus pointues.","og_url":"https:\/\/www.carole-equeter.com\/en\/product\/atelier-masterclass-saisonniere\/","og_site_name":"Carole Equeter","article_modified_time":"2026-02-15T17:15:02+00:00","og_image":[{"width":1502,"height":1600,"url":"https:\/\/www.carole-equeter.com\/wp-content\/uploads\/2025\/10\/carole-equeter-cinnamon-buns2.jpeg","type":"image\/jpeg"}],"twitter_card":"summary_large_image","twitter_misc":{"Estimated reading time":"2 minutes"},"schema":{"@context":"https:\/\/schema.org","@graph":[{"@type":"WebPage","@id":"https:\/\/www.carole-equeter.com\/produit\/atelier-masterclass-saisonniere\/","url":"https:\/\/www.carole-equeter.com\/produit\/atelier-masterclass-saisonniere\/","name":"Masterclass saisonni\u00e8re - \u00c9dition hivernale - Carole Equeter","isPartOf":{"@id":"https:\/\/www.carole-equeter.com\/en\/#website"},"primaryImageOfPage":{"@id":"https:\/\/www.carole-equeter.com\/produit\/atelier-masterclass-saisonniere\/#primaryimage"},"image":{"@id":"https:\/\/www.carole-equeter.com\/produit\/atelier-masterclass-saisonniere\/#primaryimage"},"thumbnailUrl":"https:\/\/www.carole-equeter.com\/wp-content\/uploads\/2025\/10\/carole-equeter-cinnamon-buns2.jpeg","datePublished":"2025-10-17T18:44:07+00:00","dateModified":"2026-02-15T17:15:02+00:00","description":"Mettez un galon \u00e0 votre toque de boulanger !Cet atelier est d\u00e9di\u00e9 aux passionn\u00e9s qui souhaitent aller plus loin, d\u00e9couvrir de nouvelles recettes, des ingr\u00e9dients originaux et des techniques plus pointues.","breadcrumb":{"@id":"https:\/\/www.carole-equeter.com\/produit\/atelier-masterclass-saisonniere\/#breadcrumb"},"inLanguage":"en-GB","potentialAction":[{"@type":"ReadAction","target":["https:\/\/www.carole-equeter.com\/produit\/atelier-masterclass-saisonniere\/"]}]},{"@type":"ImageObject","inLanguage":"en-GB","@id":"https:\/\/www.carole-equeter.com\/produit\/atelier-masterclass-saisonniere\/#primaryimage","url":"https:\/\/www.carole-equeter.com\/wp-content\/uploads\/2025\/10\/carole-equeter-cinnamon-buns2.jpeg","contentUrl":"https:\/\/www.carole-equeter.com\/wp-content\/uploads\/2025\/10\/carole-equeter-cinnamon-buns2.jpeg","width":1502,"height":1600},{"@type":"BreadcrumbList","@id":"https:\/\/www.carole-equeter.com\/produit\/atelier-masterclass-saisonniere\/#breadcrumb","itemListElement":[{"@type":"ListItem","position":1,"name":"Accueil","item":"https:\/\/www.carole-equeter.com\/en\/"},{"@type":"ListItem","position":2,"name":"Boutique","item":"https:\/\/www.carole-equeter.com\/en\/boutique\/"},{"@type":"ListItem","position":3,"name":"Masterclass saisonni\u00e8re &#8211; \u00c9dition hivernale"}]},{"@type":"WebSite","@id":"https:\/\/www.carole-equeter.com\/en\/#website","url":"https:\/\/www.carole-equeter.com\/en\/","name":"Carole Equeter","description":"En cuisine avec Carole Equeter, \u2026 et une pinc\u00e9e de science","publisher":{"@id":"https:\/\/www.carole-equeter.com\/en\/#organization"},"potentialAction":[{"@type":"SearchAction","target":{"@type":"EntryPoint","urlTemplate":"https:\/\/www.carole-equeter.com\/en\/?s={search_term_string}"},"query-input":{"@type":"PropertyValueSpecification","valueRequired":true,"valueName":"search_term_string"}}],"inLanguage":"en-GB"},{"@type":"Organization","@id":"https:\/\/www.carole-equeter.com\/en\/#organization","name":"Carole Equeter","url":"https:\/\/www.carole-equeter.com\/en\/","logo":{"@type":"ImageObject","inLanguage":"en-GB","@id":"https:\/\/www.carole-equeter.com\/en\/#\/schema\/logo\/image\/","url":"https:\/\/www.carole-equeter.com\/wp-content\/uploads\/2025\/10\/favicon.png","contentUrl":"https:\/\/www.carole-equeter.com\/wp-content\/uploads\/2025\/10\/favicon.png","width":512,"height":512,"caption":"Carole Equeter"},"image":{"@id":"https:\/\/www.carole-equeter.com\/en\/#\/schema\/logo\/image\/"}}]}},"_links":{"self":[{"href":"https:\/\/www.carole-equeter.com\/en\/wp-json\/wp\/v2\/product\/1065","targetHints":{"allow":["GET"]}}],"collection":[{"href":"https:\/\/www.carole-equeter.com\/en\/wp-json\/wp\/v2\/product"}],"about":[{"href":"https:\/\/www.carole-equeter.com\/en\/wp-json\/wp\/v2\/types\/product"}],"wp:featuredmedia":[{"embeddable":true,"href":"https:\/\/www.carole-equeter.com\/en\/wp-json\/wp\/v2\/media\/2002"}],"wp:attachment":[{"href":"https:\/\/www.carole-equeter.com\/en\/wp-json\/wp\/v2\/media?parent=1065"}],"wp:term":[{"taxonomy":"product_brand","embeddable":true,"href":"https:\/\/www.carole-equeter.com\/en\/wp-json\/wp\/v2\/product_brand?post=1065"},{"taxonomy":"product_cat","embeddable":true,"href":"https:\/\/www.carole-equeter.com\/en\/wp-json\/wp\/v2\/product_cat?post=1065"},{"taxonomy":"product_tag","embeddable":true,"href":"https:\/\/www.carole-equeter.com\/en\/wp-json\/wp\/v2\/product_tag?post=1065"},{"taxonomy":"mwb_booking_people","embeddable":true,"href":"https:\/\/www.carole-equeter.com\/en\/wp-json\/wp\/v2\/mwb_booking_people?post=1065"},{"taxonomy":"mwb_booking_cost","embeddable":true,"href":"https:\/\/www.carole-equeter.com\/en\/wp-json\/wp\/v2\/mwb_booking_cost?post=1065"},{"taxonomy":"mwb_booking_service","embeddable":true,"href":"https:\/\/www.carole-equeter.com\/en\/wp-json\/wp\/v2\/mwb_booking_service?post=1065"}],"curies":[{"name":"wp","href":"https:\/\/api.w.org\/{rel}","templated":true}]}}