{"id":1709,"date":"2026-01-03T11:22:49","date_gmt":"2026-01-03T11:22:49","guid":{"rendered":"https:\/\/www.carole-equeter.com\/?post_type=product&#038;p=1709"},"modified":"2026-03-19T17:16:45","modified_gmt":"2026-03-19T17:16:45","slug":"atelier-de-paques-brioches-et-traditions-gourmandes","status":"publish","type":"product","link":"https:\/\/www.carole-equeter.com\/en\/product\/atelier-de-paques-brioches-et-traditions-gourmandes\/","title":{"rendered":"Atelier de P\u00e2ques : Brioches et traditions gourmandes"},"content":{"rendered":"<div align=\"left\">\n<h3 data-start=\"198\" data-end=\"266\">\ud83d\udc23\u2728 <strong>Atelier de P\u00e2ques \u2013 Brioches &amp; Traditions Gourmandes<\/strong> \u2728\ud83d\udc23<\/h3>\n<p data-start=\"268\" data-end=\"521\">Envie de c\u00e9l\u00e9brer P\u00e2ques autrement, autour de parfums de brioche, de gestes ancestraux\u2026 et d\u2019un soup\u00e7on de science ?<br data-start=\"384\" data-end=\"387\" \/>Cet Atelier de P\u00e2ques vous invite \u00e0 plonger dans les traditions boulang\u00e8res pascales, entre gourmandise, symboles et savoir-faire.<\/p>\n<p data-start=\"523\" data-end=\"662\">Un moment chaleureux, cr\u00e9atif et ultra gourmand, o\u00f9 l\u2019on p\u00e9trit, fa\u00e7onne et comprend ce qui se passe dans la p\u00e2te\u2026 et dans le four.<\/p>\n<ul data-start=\"704\" data-end=\"1052\">\n<li data-start=\"704\" data-end=\"795\">\n<p data-start=\"706\" data-end=\"795\"><strong data-start=\"706\" data-end=\"725\">Lapins brioch\u00e9s<\/strong><\/p>\n<\/li>\n<li data-start=\"796\" data-end=\"912\">\n<p data-start=\"798\" data-end=\"912\"><strong data-start=\"798\" data-end=\"815\">Nids brioch\u00e9s<\/strong> \u2013 une brioche a\u00e9rienne parfum\u00e9e \u00e0 l&rsquo;orange, en forme de nid<\/p>\n<\/li>\n<li data-start=\"913\" data-end=\"1052\">\n<p data-start=\"915\" data-end=\"1052\"><strong data-start=\"915\" data-end=\"964\">Colombe pascale italienne (Colomba di Pasqua)<\/strong> \u2013 la grande brioche traditionnelle italienne, parfum\u00e9e, fondante et charg\u00e9e de symboles<\/p>\n<\/li>\n<\/ul>\n<p data-start=\"1054\" data-end=\"1160\">Comme toujours, je vous guiderai pas \u00e0 pas dans la r\u00e9alisation de chaque recette, en vous partageant :<\/p>\n<ul data-start=\"1161\" data-end=\"1390\">\n<li data-start=\"1161\" data-end=\"1200\">mes conseils pour le choix de vos ingr\u00e9dients<\/li>\n<li data-start=\"1161\" data-end=\"1200\">\n<p data-start=\"1163\" data-end=\"1200\">mes astuces de professionnelle,<\/p>\n<\/li>\n<li data-start=\"1201\" data-end=\"1290\">\n<p data-start=\"1203\" data-end=\"1290\">mes pinc\u00e9es de science pour comprendre la fermentation, la texture et les ar\u00f4mes,<\/p>\n<\/li>\n<li data-start=\"1291\" data-end=\"1390\">\n<p data-start=\"1293\" data-end=\"1390\">ainsi que des conseils de conservation et de variantes pour prolonger le plaisir \u00e0 la maison.<\/p>\n<\/li>\n<\/ul>\n<p data-start=\"1392\" data-end=\"1574\">Un atelier id\u00e9al pour les amoureux des traditions, les curieux du \u201cpourquoi \u00e7a marche\u201d\u2026 et tous ceux qui aiment mettre la main \u00e0 la p\u00e2te dans une ambiance conviviale et inspirante \ud83c\udf38<\/p>\n<p data-start=\"1855\" data-end=\"2134\">\ud83d\udc69\u200d\ud83d\udd2c <strong data-start=\"1861\" data-end=\"1889\">Anim\u00e9 par Carole Equeter<\/strong>, docteure en sciences, boulanger-p\u00e2tissier et auteure de plusieurs ouvrages de r\u00e9f\u00e9rence.<br data-start=\"1996\" data-end=\"1999\" \/>Un atelier o\u00f9 <strong data-start=\"2013\" data-end=\"2065\">la rigueur scientifique rencontre la gourmandise<\/strong>, pour redonner toute leur noblesse aux classiques de la boulangerie.<\/p>\n<p data-start=\"1545\" data-end=\"1745\"><strong data-start=\"1548\" data-end=\"1576\">L\u2019inscription comprend :<\/strong><br data-start=\"1576\" data-end=\"1579\" \/>\u2714\ufe0f Les mati\u00e8res premi\u00e8res<br data-start=\"1604\" data-end=\"1607\" \/>\u2714\ufe0f Les fichiers recettes d\u00e9taill\u00e9s<br data-start=\"1641\" data-end=\"1644\" \/>\u2714\ufe0f Les conseils personnalis\u00e9s de Carole<br data-start=\"1683\" data-end=\"1686\" \/>\u2714\ufe0f Un assortiment des douceurs r\u00e9alis\u00e9es durant l\u2019atelier<\/p>\n<p>&nbsp;<\/p>\n<\/div>\n<div id=\"ConnectiveDocSignExtentionInstalled\" data-extension-version=\"1.0.4\"><\/div>","protected":false},"excerpt":{"rendered":"<p data-start=\"252\" data-end=\"300\"><strong>A vous les croissants et pains au chocolat faits maison!<\/strong><\/p>\n<p data-start=\"252\" data-end=\"300\">Avec Carole, plongez dans l\u2019univers des viennoiseries feuillet\u00e9es, o\u00f9 pr\u00e9cision et patience se m\u00ealent \u00e0 la gourmandise. Vous apprendrez \u00e0 comprendre, \u00e0 ressentir et \u00e0 ma\u00eetriser chaque \u00e9tape \u2014 du choix des farines jusqu\u2019au tourage \u2014 le tout saupoudr\u00e9 de sa fameuse pinc\u00e9e de science !<\/p>\n<p>&nbsp;<\/p>\n<div id=\"ConnectiveDocSignExtentionInstalled\" data-extension-version=\"1.0.4\"><\/div>","protected":false},"featured_media":2116,"template":"","meta":{"_et_pb_use_builder":"","_et_pb_old_content":"","_et_gb_content_width":""},"product_brand":[],"product_cat":[26,21],"product_tag":[],"mwb_booking_people":[],"mwb_booking_cost":[],"mwb_booking_service":[],"class_list":{"0":"post-1709","1":"product","2":"type-product","3":"status-publish","4":"has-post-thumbnail","6":"product_cat-booking","7":"product_cat-formations","9":"first","10":"instock","11":"virtual","12":"taxable","13":"purchasable","14":"product-type-mwb_booking"},"yoast_head":"<!-- This site is optimized with the Yoast SEO plugin v27.2 - https:\/\/yoast.com\/product\/yoast-seo-wordpress\/ -->\n<title>Atelier de P\u00e2ques : Brioches et traditions gourmandes - Carole Equeter<\/title>\n<meta name=\"description\" content=\"Avec Carole, apprenez \u00e0 ma\u00eetriser l&#039;art de la p\u00e2te feuillet\u00e9e lev\u00e9e. Au atelier o\u00f9 pr\u00e9cision et patience se m\u00ealent \u00e0 la gourmandise.\" \/>\n<meta name=\"robots\" content=\"index, follow, max-snippet:-1, max-image-preview:large, max-video-preview:-1\" \/>\n<link rel=\"canonical\" href=\"https:\/\/www.carole-equeter.com\/en\/product\/atelier-de-paques-brioches-et-traditions-gourmandes\/\" \/>\n<meta property=\"og:locale\" content=\"en_GB\" \/>\n<meta property=\"og:type\" content=\"article\" \/>\n<meta property=\"og:title\" content=\"Atelier de P\u00e2ques : Brioches et traditions gourmandes - Carole Equeter\" \/>\n<meta property=\"og:description\" content=\"Avec Carole, apprenez \u00e0 ma\u00eetriser l&#039;art de la p\u00e2te feuillet\u00e9e lev\u00e9e. Au atelier o\u00f9 pr\u00e9cision et patience se m\u00ealent \u00e0 la gourmandise.\" \/>\n<meta property=\"og:url\" content=\"https:\/\/www.carole-equeter.com\/en\/product\/atelier-de-paques-brioches-et-traditions-gourmandes\/\" \/>\n<meta property=\"og:site_name\" content=\"Carole Equeter\" \/>\n<meta property=\"article:modified_time\" content=\"2026-03-19T17:16:45+00:00\" \/>\n<meta property=\"og:image\" content=\"https:\/\/www.carole-equeter.com\/wp-content\/uploads\/2026\/01\/carole-equeter-lapin-brioche.jpeg\" \/>\n\t<meta property=\"og:image:width\" content=\"1528\" \/>\n\t<meta property=\"og:image:height\" content=\"1528\" \/>\n\t<meta property=\"og:image:type\" content=\"image\/jpeg\" \/>\n<meta name=\"twitter:card\" content=\"summary_large_image\" \/>\n<meta name=\"twitter:label1\" content=\"Estimated reading time\" \/>\n\t<meta name=\"twitter:data1\" content=\"2 minutes\" \/>\n<script type=\"application\/ld+json\" class=\"yoast-schema-graph\">{\"@context\":\"https:\/\/schema.org\",\"@graph\":[{\"@type\":\"WebPage\",\"@id\":\"https:\/\/www.carole-equeter.com\/en\/product\/atelier-de-paques-brioches-et-traditions-gourmandes\/\",\"url\":\"https:\/\/www.carole-equeter.com\/en\/product\/atelier-de-paques-brioches-et-traditions-gourmandes\/\",\"name\":\"Atelier de P\u00e2ques : Brioches et traditions gourmandes - Carole Equeter\",\"isPartOf\":{\"@id\":\"https:\/\/www.carole-equeter.com\/en\/#website\"},\"primaryImageOfPage\":{\"@id\":\"https:\/\/www.carole-equeter.com\/en\/product\/atelier-de-paques-brioches-et-traditions-gourmandes\/#primaryimage\"},\"image\":{\"@id\":\"https:\/\/www.carole-equeter.com\/en\/product\/atelier-de-paques-brioches-et-traditions-gourmandes\/#primaryimage\"},\"thumbnailUrl\":\"https:\/\/www.carole-equeter.com\/wp-content\/uploads\/2026\/01\/carole-equeter-lapin-brioche.jpeg\",\"datePublished\":\"2026-01-03T11:22:49+00:00\",\"dateModified\":\"2026-03-19T17:16:45+00:00\",\"description\":\"Avec Carole, apprenez \u00e0 ma\u00eetriser l'art de la p\u00e2te feuillet\u00e9e lev\u00e9e. Au atelier o\u00f9 pr\u00e9cision et patience se m\u00ealent \u00e0 la gourmandise.\",\"breadcrumb\":{\"@id\":\"https:\/\/www.carole-equeter.com\/en\/product\/atelier-de-paques-brioches-et-traditions-gourmandes\/#breadcrumb\"},\"inLanguage\":\"en-GB\",\"potentialAction\":[{\"@type\":\"ReadAction\",\"target\":[\"https:\/\/www.carole-equeter.com\/en\/product\/atelier-de-paques-brioches-et-traditions-gourmandes\/\"]}]},{\"@type\":\"ImageObject\",\"inLanguage\":\"en-GB\",\"@id\":\"https:\/\/www.carole-equeter.com\/en\/product\/atelier-de-paques-brioches-et-traditions-gourmandes\/#primaryimage\",\"url\":\"https:\/\/www.carole-equeter.com\/wp-content\/uploads\/2026\/01\/carole-equeter-lapin-brioche.jpeg\",\"contentUrl\":\"https:\/\/www.carole-equeter.com\/wp-content\/uploads\/2026\/01\/carole-equeter-lapin-brioche.jpeg\",\"width\":1528,\"height\":1528},{\"@type\":\"BreadcrumbList\",\"@id\":\"https:\/\/www.carole-equeter.com\/en\/product\/atelier-de-paques-brioches-et-traditions-gourmandes\/#breadcrumb\",\"itemListElement\":[{\"@type\":\"ListItem\",\"position\":1,\"name\":\"Accueil\",\"item\":\"https:\/\/www.carole-equeter.com\/en\/\"},{\"@type\":\"ListItem\",\"position\":2,\"name\":\"Boutique\",\"item\":\"https:\/\/www.carole-equeter.com\/en\/boutique\/\"},{\"@type\":\"ListItem\",\"position\":3,\"name\":\"Atelier de P\u00e2ques : Brioches et traditions gourmandes\"}]},{\"@type\":\"WebSite\",\"@id\":\"https:\/\/www.carole-equeter.com\/en\/#website\",\"url\":\"https:\/\/www.carole-equeter.com\/en\/\",\"name\":\"Carole Equeter\",\"description\":\"En cuisine avec Carole Equeter, \u2026 et une pinc\u00e9e de science\",\"publisher\":{\"@id\":\"https:\/\/www.carole-equeter.com\/en\/#organization\"},\"potentialAction\":[{\"@type\":\"SearchAction\",\"target\":{\"@type\":\"EntryPoint\",\"urlTemplate\":\"https:\/\/www.carole-equeter.com\/en\/?s={search_term_string}\"},\"query-input\":{\"@type\":\"PropertyValueSpecification\",\"valueRequired\":true,\"valueName\":\"search_term_string\"}}],\"inLanguage\":\"en-GB\"},{\"@type\":\"Organization\",\"@id\":\"https:\/\/www.carole-equeter.com\/en\/#organization\",\"name\":\"Carole Equeter\",\"url\":\"https:\/\/www.carole-equeter.com\/en\/\",\"logo\":{\"@type\":\"ImageObject\",\"inLanguage\":\"en-GB\",\"@id\":\"https:\/\/www.carole-equeter.com\/en\/#\/schema\/logo\/image\/\",\"url\":\"https:\/\/www.carole-equeter.com\/wp-content\/uploads\/2025\/10\/favicon.png\",\"contentUrl\":\"https:\/\/www.carole-equeter.com\/wp-content\/uploads\/2025\/10\/favicon.png\",\"width\":512,\"height\":512,\"caption\":\"Carole Equeter\"},\"image\":{\"@id\":\"https:\/\/www.carole-equeter.com\/en\/#\/schema\/logo\/image\/\"}}]}<\/script>\n<!-- \/ Yoast SEO plugin. -->","yoast_head_json":{"title":"Atelier de P\u00e2ques : Brioches et traditions gourmandes - Carole Equeter","description":"Avec Carole, apprenez \u00e0 ma\u00eetriser l'art de la p\u00e2te feuillet\u00e9e lev\u00e9e. Au atelier o\u00f9 pr\u00e9cision et patience se m\u00ealent \u00e0 la gourmandise.","robots":{"index":"index","follow":"follow","max-snippet":"max-snippet:-1","max-image-preview":"max-image-preview:large","max-video-preview":"max-video-preview:-1"},"canonical":"https:\/\/www.carole-equeter.com\/en\/product\/atelier-de-paques-brioches-et-traditions-gourmandes\/","og_locale":"en_GB","og_type":"article","og_title":"Atelier de P\u00e2ques : Brioches et traditions gourmandes - Carole Equeter","og_description":"Avec Carole, apprenez \u00e0 ma\u00eetriser l'art de la p\u00e2te feuillet\u00e9e lev\u00e9e. Au atelier o\u00f9 pr\u00e9cision et patience se m\u00ealent \u00e0 la gourmandise.","og_url":"https:\/\/www.carole-equeter.com\/en\/product\/atelier-de-paques-brioches-et-traditions-gourmandes\/","og_site_name":"Carole Equeter","article_modified_time":"2026-03-19T17:16:45+00:00","og_image":[{"width":1528,"height":1528,"url":"https:\/\/www.carole-equeter.com\/wp-content\/uploads\/2026\/01\/carole-equeter-lapin-brioche.jpeg","type":"image\/jpeg"}],"twitter_card":"summary_large_image","twitter_misc":{"Estimated reading time":"2 minutes"},"schema":{"@context":"https:\/\/schema.org","@graph":[{"@type":"WebPage","@id":"https:\/\/www.carole-equeter.com\/en\/product\/atelier-de-paques-brioches-et-traditions-gourmandes\/","url":"https:\/\/www.carole-equeter.com\/en\/product\/atelier-de-paques-brioches-et-traditions-gourmandes\/","name":"Atelier de P\u00e2ques : Brioches et traditions gourmandes - Carole Equeter","isPartOf":{"@id":"https:\/\/www.carole-equeter.com\/en\/#website"},"primaryImageOfPage":{"@id":"https:\/\/www.carole-equeter.com\/en\/product\/atelier-de-paques-brioches-et-traditions-gourmandes\/#primaryimage"},"image":{"@id":"https:\/\/www.carole-equeter.com\/en\/product\/atelier-de-paques-brioches-et-traditions-gourmandes\/#primaryimage"},"thumbnailUrl":"https:\/\/www.carole-equeter.com\/wp-content\/uploads\/2026\/01\/carole-equeter-lapin-brioche.jpeg","datePublished":"2026-01-03T11:22:49+00:00","dateModified":"2026-03-19T17:16:45+00:00","description":"Avec Carole, apprenez \u00e0 ma\u00eetriser l'art de la p\u00e2te feuillet\u00e9e lev\u00e9e. Au atelier o\u00f9 pr\u00e9cision et patience se m\u00ealent \u00e0 la gourmandise.","breadcrumb":{"@id":"https:\/\/www.carole-equeter.com\/en\/product\/atelier-de-paques-brioches-et-traditions-gourmandes\/#breadcrumb"},"inLanguage":"en-GB","potentialAction":[{"@type":"ReadAction","target":["https:\/\/www.carole-equeter.com\/en\/product\/atelier-de-paques-brioches-et-traditions-gourmandes\/"]}]},{"@type":"ImageObject","inLanguage":"en-GB","@id":"https:\/\/www.carole-equeter.com\/en\/product\/atelier-de-paques-brioches-et-traditions-gourmandes\/#primaryimage","url":"https:\/\/www.carole-equeter.com\/wp-content\/uploads\/2026\/01\/carole-equeter-lapin-brioche.jpeg","contentUrl":"https:\/\/www.carole-equeter.com\/wp-content\/uploads\/2026\/01\/carole-equeter-lapin-brioche.jpeg","width":1528,"height":1528},{"@type":"BreadcrumbList","@id":"https:\/\/www.carole-equeter.com\/en\/product\/atelier-de-paques-brioches-et-traditions-gourmandes\/#breadcrumb","itemListElement":[{"@type":"ListItem","position":1,"name":"Accueil","item":"https:\/\/www.carole-equeter.com\/en\/"},{"@type":"ListItem","position":2,"name":"Boutique","item":"https:\/\/www.carole-equeter.com\/en\/boutique\/"},{"@type":"ListItem","position":3,"name":"Atelier de P\u00e2ques : Brioches et traditions gourmandes"}]},{"@type":"WebSite","@id":"https:\/\/www.carole-equeter.com\/en\/#website","url":"https:\/\/www.carole-equeter.com\/en\/","name":"Carole Equeter","description":"En cuisine avec Carole Equeter, \u2026 et une pinc\u00e9e de science","publisher":{"@id":"https:\/\/www.carole-equeter.com\/en\/#organization"},"potentialAction":[{"@type":"SearchAction","target":{"@type":"EntryPoint","urlTemplate":"https:\/\/www.carole-equeter.com\/en\/?s={search_term_string}"},"query-input":{"@type":"PropertyValueSpecification","valueRequired":true,"valueName":"search_term_string"}}],"inLanguage":"en-GB"},{"@type":"Organization","@id":"https:\/\/www.carole-equeter.com\/en\/#organization","name":"Carole Equeter","url":"https:\/\/www.carole-equeter.com\/en\/","logo":{"@type":"ImageObject","inLanguage":"en-GB","@id":"https:\/\/www.carole-equeter.com\/en\/#\/schema\/logo\/image\/","url":"https:\/\/www.carole-equeter.com\/wp-content\/uploads\/2025\/10\/favicon.png","contentUrl":"https:\/\/www.carole-equeter.com\/wp-content\/uploads\/2025\/10\/favicon.png","width":512,"height":512,"caption":"Carole Equeter"},"image":{"@id":"https:\/\/www.carole-equeter.com\/en\/#\/schema\/logo\/image\/"}}]}},"_links":{"self":[{"href":"https:\/\/www.carole-equeter.com\/en\/wp-json\/wp\/v2\/product\/1709","targetHints":{"allow":["GET"]}}],"collection":[{"href":"https:\/\/www.carole-equeter.com\/en\/wp-json\/wp\/v2\/product"}],"about":[{"href":"https:\/\/www.carole-equeter.com\/en\/wp-json\/wp\/v2\/types\/product"}],"wp:featuredmedia":[{"embeddable":true,"href":"https:\/\/www.carole-equeter.com\/en\/wp-json\/wp\/v2\/media\/2116"}],"wp:attachment":[{"href":"https:\/\/www.carole-equeter.com\/en\/wp-json\/wp\/v2\/media?parent=1709"}],"wp:term":[{"taxonomy":"product_brand","embeddable":true,"href":"https:\/\/www.carole-equeter.com\/en\/wp-json\/wp\/v2\/product_brand?post=1709"},{"taxonomy":"product_cat","embeddable":true,"href":"https:\/\/www.carole-equeter.com\/en\/wp-json\/wp\/v2\/product_cat?post=1709"},{"taxonomy":"product_tag","embeddable":true,"href":"https:\/\/www.carole-equeter.com\/en\/wp-json\/wp\/v2\/product_tag?post=1709"},{"taxonomy":"mwb_booking_people","embeddable":true,"href":"https:\/\/www.carole-equeter.com\/en\/wp-json\/wp\/v2\/mwb_booking_people?post=1709"},{"taxonomy":"mwb_booking_cost","embeddable":true,"href":"https:\/\/www.carole-equeter.com\/en\/wp-json\/wp\/v2\/mwb_booking_cost?post=1709"},{"taxonomy":"mwb_booking_service","embeddable":true,"href":"https:\/\/www.carole-equeter.com\/en\/wp-json\/wp\/v2\/mwb_booking_service?post=1709"}],"curies":[{"name":"wp","href":"https:\/\/api.w.org\/{rel}","templated":true}]}}