{"id":605,"date":"2025-09-25T08:23:18","date_gmt":"2025-09-25T08:23:18","guid":{"rendered":"https:\/\/carole.jaimonsite.be\/?post_type=product&#038;p=605"},"modified":"2026-02-12T17:32:11","modified_gmt":"2026-02-12T17:32:11","slug":"atelier-delices-de-fetes","status":"publish","type":"product","link":"https:\/\/www.carole-equeter.com\/en\/product\/atelier-delices-de-fetes\/","title":{"rendered":"Atelier \u00ab\u00a0D\u00e9lices de F\u00eates\u00a0\u00bb"},"content":{"rendered":"<div align=\"left\">\n<p><strong>Atelier \u00ab D\u00e9lices de F\u00eates \u00bb<\/strong><\/p>\n<p><strong>Faites embaumer votre maison de d\u00e9licieuses saveurs de f\u00eates<\/strong><\/p>\n<p>Quoi de plus magique que l\u2019odeur d\u2019une tendre cougnolle dor\u00e9e, d\u2019un pain brioch\u00e9 tout juste sorti du four ou d\u2019un panettone parfum\u00e9 qui r\u00e9chauffe l\u2019atmosph\u00e8re ? Cet atelier est une invitation \u00e0 retrouver les saveurs authentiques des f\u00eates et \u00e0 partager un moment de convivialit\u00e9 autour du p\u00e9trissage, de la lev\u00e9e et de la gourmandise.<\/p>\n<p>Que vous soyez d\u00e9butant, curieux ou d\u00e9j\u00e0 passionn\u00e9 de pain, vous repartirez avec le savoir-faire et les gestes justes pour recr\u00e9er chez vous ces douceurs qui \u00e9voquent \u00e0 coup s\u00fbr des souvenirs d\u2019enfance\u2026 le tout saupoudr\u00e9 de ma fameuse pinc\u00e9e de science !<\/p>\n<p><strong>Au programme :<\/strong><\/p>\n<ul>\n<li>Comprendre le r\u00f4le des ingr\u00e9dients et apprendre \u00e0 les choisir.<\/li>\n<li>Acqu\u00e9rir ou perfectionner les gestes cl\u00e9s pour un p\u00e9trissage efficace et une belle lev\u00e9e.<\/li>\n<li>Explorer et ma\u00eetriser diff\u00e9rentes m\u00e9thodes de fa\u00e7onnage adapt\u00e9es aux produits festifs.<\/li>\n<li>D\u00e9couvrir la magie des sciences qui explique le \u00ab pourquoi du comment \u00bb.<\/li>\n<li>Recevoir des conseils personnalis\u00e9s, adapt\u00e9s au niveau de chacun, dans une ambiance conviviale et bienveillante.<\/li>\n<\/ul>\n<p><strong>Au menu de l\u2019atelier :<\/strong><\/p>\n<ul>\n<li>Cougnolle<\/li>\n<li>Panettone<\/li>\n<li>Sapins brioch\u00e9s<\/li>\n<li>Pain aux figues<\/li>\n<\/ul>\n<p>\ud83d\udc69\u200d\ud83d\udd2c <strong>Anim\u00e9 par Carole Equeter<\/strong>, docteure en sciences et auteure de plusieurs livres dont <em>Pains, mie &amp; Cie<\/em>.<br \/>\nUn atelier unique qui allie pratique, convivialit\u00e9 et science appliqu\u00e9e \u00e0 l\u2019art du pain et des douceurs festives.<\/p>\n<p>\u2139\ufe0f <strong>L\u2019inscription comprend :<\/strong><br \/>\n\u2714\ufe0f Les mati\u00e8res premi\u00e8res<br \/>\n\u2714\ufe0f Les fichiers recettes d\u00e9taill\u00e9s<br \/>\n\u2714\ufe0f Les conseils personnalis\u00e9s de Carole<br \/>\n\u2714\ufe0f Un assortiment des cr\u00e9ations r\u00e9alis\u00e9es durant l\u2019atelier<\/p>\n<\/div>\n<div id=\"ConnectiveDocSignExtentionInstalled\" data-extension-version=\"1.0.4\"><\/div>","protected":false},"excerpt":{"rendered":"<p>&nbsp;<\/p>\n<div id=\"ConnectiveDocSignExtentionInstalled\" data-extension-version=\"1.0.4\"><\/div>","protected":false},"featured_media":592,"template":"","meta":{"_et_pb_use_builder":"","_et_pb_old_content":"","_et_gb_content_width":""},"product_brand":[],"product_cat":[26,21],"product_tag":[],"mwb_booking_people":[],"mwb_booking_cost":[],"mwb_booking_service":[],"class_list":{"0":"post-605","1":"product","2":"type-product","3":"status-publish","4":"has-post-thumbnail","6":"product_cat-booking","7":"product_cat-formations","9":"first","10":"instock","11":"virtual","12":"taxable","13":"purchasable","14":"product-type-mwb_booking"},"yoast_head":"<!-- This site is optimized with the Yoast SEO plugin v27.2 - https:\/\/yoast.com\/product\/yoast-seo-wordpress\/ -->\n<title>Atelier &quot;D\u00e9lices de F\u00eates&quot; - Carole Equeter<\/title>\n<meta name=\"description\" content=\"Quoi de plus magique que l\u2019odeur d\u2019une tendre cougnole dor\u00e9e, d\u2019un pain brioch\u00e9 tout juste sorti du four ou d\u2019un panettone parfum\u00e9 qui r\u00e9chauffe l\u2019atmosph\u00e8re ?\" \/>\n<meta name=\"robots\" content=\"index, follow, max-snippet:-1, max-image-preview:large, max-video-preview:-1\" \/>\n<link rel=\"canonical\" href=\"https:\/\/www.carole-equeter.com\/en\/product\/atelier-delices-de-fetes\/\" \/>\n<meta property=\"og:locale\" content=\"en_GB\" \/>\n<meta property=\"og:type\" content=\"article\" \/>\n<meta property=\"og:title\" content=\"Atelier &quot;D\u00e9lices de F\u00eates&quot; - Carole Equeter\" \/>\n<meta property=\"og:description\" content=\"Quoi de plus magique que l\u2019odeur d\u2019une tendre cougnole dor\u00e9e, d\u2019un pain brioch\u00e9 tout juste sorti du four ou d\u2019un panettone parfum\u00e9 qui r\u00e9chauffe l\u2019atmosph\u00e8re ?\" \/>\n<meta property=\"og:url\" content=\"https:\/\/www.carole-equeter.com\/en\/product\/atelier-delices-de-fetes\/\" \/>\n<meta property=\"og:site_name\" content=\"Carole Equeter\" \/>\n<meta property=\"article:modified_time\" content=\"2026-02-12T17:32:11+00:00\" \/>\n<meta property=\"og:image\" content=\"https:\/\/www.carole-equeter.com\/wp-content\/uploads\/2025\/09\/carole-equeter-atelier-sapin-brioche.jpg\" \/>\n\t<meta property=\"og:image:width\" content=\"1080\" \/>\n\t<meta property=\"og:image:height\" content=\"1208\" \/>\n\t<meta property=\"og:image:type\" content=\"image\/jpeg\" \/>\n<meta name=\"twitter:card\" content=\"summary_large_image\" \/>\n<meta name=\"twitter:label1\" content=\"Estimated reading time\" \/>\n\t<meta name=\"twitter:data1\" content=\"2 minutes\" \/>\n<script type=\"application\/ld+json\" class=\"yoast-schema-graph\">{\"@context\":\"https:\/\/schema.org\",\"@graph\":[{\"@type\":\"WebPage\",\"@id\":\"https:\/\/www.carole-equeter.com\/en\/product\/atelier-delices-de-fetes\/\",\"url\":\"https:\/\/www.carole-equeter.com\/en\/product\/atelier-delices-de-fetes\/\",\"name\":\"Atelier \\\"D\u00e9lices de F\u00eates\\\" - Carole Equeter\",\"isPartOf\":{\"@id\":\"https:\/\/www.carole-equeter.com\/en\/#website\"},\"primaryImageOfPage\":{\"@id\":\"https:\/\/www.carole-equeter.com\/en\/product\/atelier-delices-de-fetes\/#primaryimage\"},\"image\":{\"@id\":\"https:\/\/www.carole-equeter.com\/en\/product\/atelier-delices-de-fetes\/#primaryimage\"},\"thumbnailUrl\":\"https:\/\/www.carole-equeter.com\/wp-content\/uploads\/2025\/09\/carole-equeter-atelier-sapin-brioche.jpg\",\"datePublished\":\"2025-09-25T08:23:18+00:00\",\"dateModified\":\"2026-02-12T17:32:11+00:00\",\"description\":\"Quoi de plus magique que l\u2019odeur d\u2019une tendre cougnole dor\u00e9e, d\u2019un pain brioch\u00e9 tout juste sorti du four ou d\u2019un panettone parfum\u00e9 qui r\u00e9chauffe l\u2019atmosph\u00e8re ?\",\"breadcrumb\":{\"@id\":\"https:\/\/www.carole-equeter.com\/en\/product\/atelier-delices-de-fetes\/#breadcrumb\"},\"inLanguage\":\"en-GB\",\"potentialAction\":[{\"@type\":\"ReadAction\",\"target\":[\"https:\/\/www.carole-equeter.com\/en\/product\/atelier-delices-de-fetes\/\"]}]},{\"@type\":\"ImageObject\",\"inLanguage\":\"en-GB\",\"@id\":\"https:\/\/www.carole-equeter.com\/en\/product\/atelier-delices-de-fetes\/#primaryimage\",\"url\":\"https:\/\/www.carole-equeter.com\/wp-content\/uploads\/2025\/09\/carole-equeter-atelier-sapin-brioche.jpg\",\"contentUrl\":\"https:\/\/www.carole-equeter.com\/wp-content\/uploads\/2025\/09\/carole-equeter-atelier-sapin-brioche.jpg\",\"width\":1080,\"height\":1208},{\"@type\":\"BreadcrumbList\",\"@id\":\"https:\/\/www.carole-equeter.com\/en\/product\/atelier-delices-de-fetes\/#breadcrumb\",\"itemListElement\":[{\"@type\":\"ListItem\",\"position\":1,\"name\":\"Accueil\",\"item\":\"https:\/\/www.carole-equeter.com\/en\/\"},{\"@type\":\"ListItem\",\"position\":2,\"name\":\"Boutique\",\"item\":\"https:\/\/www.carole-equeter.com\/en\/boutique\/\"},{\"@type\":\"ListItem\",\"position\":3,\"name\":\"Atelier \u00ab\u00a0D\u00e9lices de F\u00eates\u00a0\u00bb\"}]},{\"@type\":\"WebSite\",\"@id\":\"https:\/\/www.carole-equeter.com\/en\/#website\",\"url\":\"https:\/\/www.carole-equeter.com\/en\/\",\"name\":\"Carole Equeter\",\"description\":\"En cuisine avec Carole Equeter, \u2026 et une pinc\u00e9e de science\",\"publisher\":{\"@id\":\"https:\/\/www.carole-equeter.com\/en\/#organization\"},\"potentialAction\":[{\"@type\":\"SearchAction\",\"target\":{\"@type\":\"EntryPoint\",\"urlTemplate\":\"https:\/\/www.carole-equeter.com\/en\/?s={search_term_string}\"},\"query-input\":{\"@type\":\"PropertyValueSpecification\",\"valueRequired\":true,\"valueName\":\"search_term_string\"}}],\"inLanguage\":\"en-GB\"},{\"@type\":\"Organization\",\"@id\":\"https:\/\/www.carole-equeter.com\/en\/#organization\",\"name\":\"Carole Equeter\",\"url\":\"https:\/\/www.carole-equeter.com\/en\/\",\"logo\":{\"@type\":\"ImageObject\",\"inLanguage\":\"en-GB\",\"@id\":\"https:\/\/www.carole-equeter.com\/en\/#\/schema\/logo\/image\/\",\"url\":\"https:\/\/www.carole-equeter.com\/wp-content\/uploads\/2025\/10\/favicon.png\",\"contentUrl\":\"https:\/\/www.carole-equeter.com\/wp-content\/uploads\/2025\/10\/favicon.png\",\"width\":512,\"height\":512,\"caption\":\"Carole Equeter\"},\"image\":{\"@id\":\"https:\/\/www.carole-equeter.com\/en\/#\/schema\/logo\/image\/\"}}]}<\/script>\n<!-- \/ Yoast SEO plugin. -->","yoast_head_json":{"title":"Atelier \"D\u00e9lices de F\u00eates\" - Carole Equeter","description":"Quoi de plus magique que l\u2019odeur d\u2019une tendre cougnole dor\u00e9e, d\u2019un pain brioch\u00e9 tout juste sorti du four ou d\u2019un panettone parfum\u00e9 qui r\u00e9chauffe l\u2019atmosph\u00e8re ?","robots":{"index":"index","follow":"follow","max-snippet":"max-snippet:-1","max-image-preview":"max-image-preview:large","max-video-preview":"max-video-preview:-1"},"canonical":"https:\/\/www.carole-equeter.com\/en\/product\/atelier-delices-de-fetes\/","og_locale":"en_GB","og_type":"article","og_title":"Atelier \"D\u00e9lices de F\u00eates\" - Carole Equeter","og_description":"Quoi de plus magique que l\u2019odeur d\u2019une tendre cougnole dor\u00e9e, d\u2019un pain brioch\u00e9 tout juste sorti du four ou d\u2019un panettone parfum\u00e9 qui r\u00e9chauffe l\u2019atmosph\u00e8re ?","og_url":"https:\/\/www.carole-equeter.com\/en\/product\/atelier-delices-de-fetes\/","og_site_name":"Carole Equeter","article_modified_time":"2026-02-12T17:32:11+00:00","og_image":[{"width":1080,"height":1208,"url":"https:\/\/www.carole-equeter.com\/wp-content\/uploads\/2025\/09\/carole-equeter-atelier-sapin-brioche.jpg","type":"image\/jpeg"}],"twitter_card":"summary_large_image","twitter_misc":{"Estimated reading time":"2 minutes"},"schema":{"@context":"https:\/\/schema.org","@graph":[{"@type":"WebPage","@id":"https:\/\/www.carole-equeter.com\/en\/product\/atelier-delices-de-fetes\/","url":"https:\/\/www.carole-equeter.com\/en\/product\/atelier-delices-de-fetes\/","name":"Atelier \"D\u00e9lices de F\u00eates\" - Carole Equeter","isPartOf":{"@id":"https:\/\/www.carole-equeter.com\/en\/#website"},"primaryImageOfPage":{"@id":"https:\/\/www.carole-equeter.com\/en\/product\/atelier-delices-de-fetes\/#primaryimage"},"image":{"@id":"https:\/\/www.carole-equeter.com\/en\/product\/atelier-delices-de-fetes\/#primaryimage"},"thumbnailUrl":"https:\/\/www.carole-equeter.com\/wp-content\/uploads\/2025\/09\/carole-equeter-atelier-sapin-brioche.jpg","datePublished":"2025-09-25T08:23:18+00:00","dateModified":"2026-02-12T17:32:11+00:00","description":"Quoi de plus magique que l\u2019odeur d\u2019une tendre cougnole dor\u00e9e, d\u2019un pain brioch\u00e9 tout juste sorti du four ou d\u2019un panettone parfum\u00e9 qui r\u00e9chauffe l\u2019atmosph\u00e8re ?","breadcrumb":{"@id":"https:\/\/www.carole-equeter.com\/en\/product\/atelier-delices-de-fetes\/#breadcrumb"},"inLanguage":"en-GB","potentialAction":[{"@type":"ReadAction","target":["https:\/\/www.carole-equeter.com\/en\/product\/atelier-delices-de-fetes\/"]}]},{"@type":"ImageObject","inLanguage":"en-GB","@id":"https:\/\/www.carole-equeter.com\/en\/product\/atelier-delices-de-fetes\/#primaryimage","url":"https:\/\/www.carole-equeter.com\/wp-content\/uploads\/2025\/09\/carole-equeter-atelier-sapin-brioche.jpg","contentUrl":"https:\/\/www.carole-equeter.com\/wp-content\/uploads\/2025\/09\/carole-equeter-atelier-sapin-brioche.jpg","width":1080,"height":1208},{"@type":"BreadcrumbList","@id":"https:\/\/www.carole-equeter.com\/en\/product\/atelier-delices-de-fetes\/#breadcrumb","itemListElement":[{"@type":"ListItem","position":1,"name":"Accueil","item":"https:\/\/www.carole-equeter.com\/en\/"},{"@type":"ListItem","position":2,"name":"Boutique","item":"https:\/\/www.carole-equeter.com\/en\/boutique\/"},{"@type":"ListItem","position":3,"name":"Atelier \u00ab\u00a0D\u00e9lices de F\u00eates\u00a0\u00bb"}]},{"@type":"WebSite","@id":"https:\/\/www.carole-equeter.com\/en\/#website","url":"https:\/\/www.carole-equeter.com\/en\/","name":"Carole Equeter","description":"En cuisine avec Carole Equeter, \u2026 et une pinc\u00e9e de science","publisher":{"@id":"https:\/\/www.carole-equeter.com\/en\/#organization"},"potentialAction":[{"@type":"SearchAction","target":{"@type":"EntryPoint","urlTemplate":"https:\/\/www.carole-equeter.com\/en\/?s={search_term_string}"},"query-input":{"@type":"PropertyValueSpecification","valueRequired":true,"valueName":"search_term_string"}}],"inLanguage":"en-GB"},{"@type":"Organization","@id":"https:\/\/www.carole-equeter.com\/en\/#organization","name":"Carole Equeter","url":"https:\/\/www.carole-equeter.com\/en\/","logo":{"@type":"ImageObject","inLanguage":"en-GB","@id":"https:\/\/www.carole-equeter.com\/en\/#\/schema\/logo\/image\/","url":"https:\/\/www.carole-equeter.com\/wp-content\/uploads\/2025\/10\/favicon.png","contentUrl":"https:\/\/www.carole-equeter.com\/wp-content\/uploads\/2025\/10\/favicon.png","width":512,"height":512,"caption":"Carole Equeter"},"image":{"@id":"https:\/\/www.carole-equeter.com\/en\/#\/schema\/logo\/image\/"}}]}},"_links":{"self":[{"href":"https:\/\/www.carole-equeter.com\/en\/wp-json\/wp\/v2\/product\/605","targetHints":{"allow":["GET"]}}],"collection":[{"href":"https:\/\/www.carole-equeter.com\/en\/wp-json\/wp\/v2\/product"}],"about":[{"href":"https:\/\/www.carole-equeter.com\/en\/wp-json\/wp\/v2\/types\/product"}],"wp:featuredmedia":[{"embeddable":true,"href":"https:\/\/www.carole-equeter.com\/en\/wp-json\/wp\/v2\/media\/592"}],"wp:attachment":[{"href":"https:\/\/www.carole-equeter.com\/en\/wp-json\/wp\/v2\/media?parent=605"}],"wp:term":[{"taxonomy":"product_brand","embeddable":true,"href":"https:\/\/www.carole-equeter.com\/en\/wp-json\/wp\/v2\/product_brand?post=605"},{"taxonomy":"product_cat","embeddable":true,"href":"https:\/\/www.carole-equeter.com\/en\/wp-json\/wp\/v2\/product_cat?post=605"},{"taxonomy":"product_tag","embeddable":true,"href":"https:\/\/www.carole-equeter.com\/en\/wp-json\/wp\/v2\/product_tag?post=605"},{"taxonomy":"mwb_booking_people","embeddable":true,"href":"https:\/\/www.carole-equeter.com\/en\/wp-json\/wp\/v2\/mwb_booking_people?post=605"},{"taxonomy":"mwb_booking_cost","embeddable":true,"href":"https:\/\/www.carole-equeter.com\/en\/wp-json\/wp\/v2\/mwb_booking_cost?post=605"},{"taxonomy":"mwb_booking_service","embeddable":true,"href":"https:\/\/www.carole-equeter.com\/en\/wp-json\/wp\/v2\/mwb_booking_service?post=605"}],"curies":[{"name":"wp","href":"https:\/\/api.w.org\/{rel}","templated":true}]}}